{"id":1511,"date":"2017-06-07T09:41:56","date_gmt":"2017-06-07T09:41:56","guid":{"rendered":"https:\/\/mat.ub.edu\/es\/?page_id=1511"},"modified":"2026-02-20T08:21:26","modified_gmt":"2026-02-20T07:21:26","slug":"calendari-academic","status":"publish","type":"page","link":"https:\/\/mat.ub.edu\/es\/secretaria\/calendari-academic\/","title":{"rendered":"Calendario Acad\u00e9mico"},"content":{"rendered":"<div class=\"wpb-content-wrapper\"><p>[vc_row disable_element=\u00bbyes\u00bb][vc_column][vc_column_text]<\/p>\n<h1>Calendario acad\u00e9mico curso 2022 &#8211; 2023<\/h1>\n<p style=\"text-align: center\">(Aprovado por la Comisi\u00f3n Acad\u00e9mica de Facultad del 18\/02\/2022 y la Junta de Facultad de\u00a0 20\/06\/2022 )<\/p>\n<p>[\/vc_column_text][vc_row_inner disable_element=\u00bbyes\u00bb][vc_column_inner width=\u00bb1\/2&#8243;][vc_column_text]<\/p>\n<h3 style=\"text-align: center\">Calendario Acad\u00e9mico del semestre de oto\u00f1o 2022<\/h3>\n<p>[\/vc_column_text][vc_column_text]<\/p>\n<div style=\"border-right: thick double #d8d8d8\">\n<table style=\"height: 506px;width: 81.2441%\" width=\"922\">\n<tbody>\n<tr style=\"height: 24px\">\n<td style=\"width: 49.6951%;text-align: left;height: 24px\"><strong>13 al 29 de julio<\/strong><\/td>\n<td style=\"width: 64.1794%;text-align: left;height: 24px\">Matr\u00edcula de grados de nuevo acceso<\/td>\n<\/tr>\n<tr style=\"height: 24px\">\n<td style=\"width: 49.6951%;height: 24px;text-align: left\"><strong>2 al 9 septiembre<\/strong><\/td>\n<td style=\"width: 64.1794%;height: 24px;text-align: left\">Matr\u00edcula de m\u00e0sters<\/td>\n<\/tr>\n<tr style=\"height: 24px\">\n<td style=\"width: 49.6951%;text-align: left;height: 24px\"><strong>5 al 9 de septiembre<\/strong><\/td>\n<td style=\"width: 64.1794%;text-align: left;height: 24px\">Matr\u00edculas de grados 2\u00ba a 4\u00ba<\/td>\n<\/tr>\n<tr style=\"height: 24px\">\n<td style=\"width: 49.6951%;height: 24px;text-align: left\"><strong>8 y 9 septiembre<\/strong><\/td>\n<td style=\"width: 64.1794%;height: 24px;text-align: left\">Jornadas Introductorias<\/td>\n<\/tr>\n<tr style=\"height: 24px\">\n<td style=\"background-color: #75c3ff;width: 49.6951%;height: 24px;text-align: left\"><strong>12 de septiembre<\/strong><\/td>\n<td style=\"background-color: #75c3ff;width: 64.1794%;height: 24px;text-align: left\">Inicio de Clases<\/td>\n<\/tr>\n<tr>\n<td style=\"width: 49.6951%;text-align: left\"><strong>14 al 20 septiembre<\/strong><\/td>\n<td style=\"width: 64.1794%;text-align: left\">Modificaci\u00f3n de matr\u00edcula con derecho a devoluci\u00f3n<\/td>\n<\/tr>\n<tr style=\"height: 24px\">\n<td style=\"width: 49.6951%;text-align: left;height: 25px\"><strong>21 al 23 septiembre<\/strong><\/td>\n<td style=\"width: 64.1794%;text-align: left;height: 25px\">Cambios de grupo justificados (formulario)<\/td>\n<\/tr>\n<tr style=\"height: 24px\">\n<td style=\"width: 49.6951%;text-align: left;height: 24px\"><strong>26 septiembre<\/strong><\/td>\n<td style=\"width: 64.1794%;text-align: left;height: 24px\">Festivo<\/td>\n<\/tr>\n<tr style=\"height: 82px\">\n<td style=\"width: 49.6951%;text-align: left;height: 49px\"><strong>2 octubre<\/strong><\/td>\n<td style=\"width: 64.1794%;text-align: left;height: 49px\">Acto de apertura del curso y Fiesta 50 aniversario Facultad<\/td>\n<\/tr>\n<tr style=\"height: 24px\">\n<td style=\"width: 49.6951%;text-align: left;height: 24px\"><strong>12 de octubre<\/strong><\/td>\n<td style=\"width: 64.1794%;text-align: left;height: 24px\">Festivo<\/td>\n<\/tr>\n<tr style=\"height: 24px\">\n<td style=\"width: 49.6951%;text-align: left;height: 24px\"><b>24 de octubre al 25 de noviembre<\/b><\/td>\n<td style=\"width: 64.1794%;text-align: left;height: 24px\">Plazo de acogida evaluaci\u00f3n \u00fanica 1<sup>er<\/sup> semestre<\/td>\n<\/tr>\n<tr>\n<td style=\"width: 49.6951%;text-align: left\"><strong>31 de octubre<\/strong><\/td>\n<td style=\"width: 64.1794%;text-align: left\">No lectivo<\/td>\n<\/tr>\n<tr style=\"height: 24px\">\n<td style=\"width: 49.6951%;text-align: left;height: 24px\"><strong>1 de noviembre<\/strong><\/td>\n<td style=\"width: 64.1794%;text-align: left;height: 24px\">Festivo<\/td>\n<\/tr>\n<tr>\n<td style=\"width: 49.6951%;text-align: left\"><strong>7 al 11 de noviembre<\/strong><\/td>\n<td style=\"width: 64.1794%;text-align: left\">Ex\u00e1menes parciales 1r semestre<\/td>\n<\/tr>\n<tr style=\"height: 24px\">\n<td style=\"width: 49.6951%;height: 24px;text-align: left\"><strong>5 de diciembre<\/strong><\/td>\n<td style=\"width: 64.1794%;height: 24px;text-align: left\">No lectivo<\/td>\n<\/tr>\n<tr style=\"height: 24px\">\n<td style=\"width: 49.6951%;text-align: left;height: 24px\"><strong>6 de diciembre<\/strong><\/td>\n<td style=\"width: 64.1794%;text-align: left;height: 24px\">Festivo<\/td>\n<\/tr>\n<tr style=\"height: 24px\">\n<td style=\"width: 49.6951%;text-align: left;height: 24px\"><strong>8 de diciembre<\/strong><\/td>\n<td style=\"width: 64.1794%;text-align: left;height: 24px\">Festivo<\/td>\n<\/tr>\n<tr style=\"height: 24px\">\n<td style=\"background-color: #75c3ff;text-align: left;height: 24px;width: 49.6951%\"><strong>22 de diciembre<\/strong><\/td>\n<td style=\"background-color: #75c3ff;text-align: left;height: 24px;width: 64.1794%\">Final de clases<\/td>\n<\/tr>\n<tr style=\"height: 24px\">\n<td style=\"width: 49.6951%;height: 24px;text-align: left\"><strong>23 de diciembre de 2022 al 2 de enero 2023<\/strong><\/td>\n<td style=\"width: 64.1794%;height: 24px;text-align: left\">Vacaciones de Navidad<\/td>\n<\/tr>\n<tr style=\"height: 24px\">\n<td style=\"width: 49.6951%;height: 24px;text-align: left\"><strong>10\u00a0 al 27 de enero<\/strong><\/td>\n<td style=\"width: 64.1794%;height: 24px;text-align: left\">Evaluaci\u00f3n continuada y Ex\u00e1menes finales<\/td>\n<\/tr>\n<tr style=\"height: 24px\">\n<td style=\"width: 49.6951%;height: 24px;text-align: left\"><strong>23 de enero\u00a0 al 3 de febrero<\/strong><\/td>\n<td style=\"width: 64.1794%;height: 24px;text-align: left\">Ex\u00e1menes de revaluaci\u00f3n<\/td>\n<\/tr>\n<tr style=\"height: 24px\">\n<td style=\"width: 49.6951%;text-align: left;height: 24px\"><strong>6 a 10 de febrero<\/strong><\/td>\n<td style=\"width: 64.1794%;text-align: left;height: 24px\">Exposiciones de TFG<\/td>\n<\/tr>\n<\/tbody>\n<\/table>\n<\/div>\n<p>[\/vc_column_text][\/vc_column_inner][vc_column_inner width=\u00bb1\/2&#8243;][vc_column_text]<\/p>\n<h3 style=\"text-align: center\">Calendario Acad\u00e9mico del semestre de primavera 2023<\/h3>\n<p>[\/vc_column_text][vc_column_text]<\/p>\n<table style=\"height: 395px;width: 83.4198%\" width=\"906\">\n<tbody>\n<tr style=\"height: 24px\">\n<td style=\"text-align: left;width: 37.3184%;height: 26px\"><strong>\u00a06 al 17 de febrero<\/strong><\/td>\n<td style=\"width: 82.0654%;height: 26px\">\u00a0Matr\u00edcula 2<sup>o<\/sup>\u00a0semestre Matem\u00e1ticas y modificaci\u00f3n matr\u00edcula<\/td>\n<\/tr>\n<tr style=\"height: 24px\">\n<td style=\"background-color: #75c3ff;text-align: left;width: 37.3184%;height: 24px\"><strong>13 de febrero<\/strong><\/td>\n<td style=\"background-color: #75c3ff;text-align: left;width: 82.0654%;height: 24px\">Inicio de les clases<\/td>\n<\/tr>\n<tr style=\"height: 24px\">\n<td style=\"width: 37.3184%;height: 24px;text-align: left\"><strong>20 febrero al 20 de marzo<\/strong><\/td>\n<td style=\"width: 82.0654%;height: 24px;text-align: left\">Plazo de acogida a la evaluaci\u00f3n \u00fanica<\/td>\n<\/tr>\n<tr style=\"height: 24px\">\n<td style=\"width: 37.3184%;text-align: left;height: 24px\"><strong>27 de marzo al 31 de marzo<\/strong><\/td>\n<td style=\"width: 82.0654%;text-align: left;height: 24px\">Ex\u00e1menes parciales 2\u00ba semestre<\/td>\n<\/tr>\n<tr style=\"height: 24px\">\n<td style=\"width: 37.3184%;height: 24px;text-align: left\"><strong>3 al 10 abril<\/strong><\/td>\n<td style=\"width: 82.0654%;height: 24px;text-align: left\">Vacaciones de Semana Santa<\/td>\n<\/tr>\n<tr style=\"height: 34px\">\n<td style=\"width: 37.3184%;text-align: left;height: 34px\"><strong>26 de abril<\/strong><\/td>\n<td style=\"width: 82.0654%;text-align: left;height: 34px\">Feria de Empresas<\/td>\n<\/tr>\n<tr style=\"height: 23px\">\n<td style=\"width: 37.3184%;text-align: left;height: 23px\"><strong>1 de mayo<\/strong><\/td>\n<td style=\"width: 82.0654%;text-align: left;height: 23px\">Festivo<\/td>\n<\/tr>\n<tr style=\"height: 24px\">\n<td style=\"width: 37.3184%;height: 24px;text-align: left\"><strong>3 de mayo<\/strong><\/td>\n<td style=\"width: 82.0654%;height: 24px;text-align: left\">Matefest-Infofest (no lectivo)<\/td>\n<\/tr>\n<tr style=\"height: 24px\">\n<td style=\"background-color: #75c3ff;text-align: left;width: 37.3184%;height: 24px\"><strong>26 de mayo<\/strong><\/td>\n<td style=\"background-color: #75c3ff;text-align: left;width: 82.0654%;height: 24px\">Final clases<\/td>\n<\/tr>\n<tr style=\"height: 24px\">\n<td style=\"width: 37.3184%;height: 24px;text-align: left\"><strong>29 d&#8217;abril<\/strong><\/td>\n<td style=\"width: 82.0654%;height: 24px;text-align: left\">Fira d&#8217;Empreses<\/td>\n<\/tr>\n<tr style=\"height: 24px\">\n<td style=\"width: 37.3184%;height: 24px;text-align: left\"><strong>5 de junio<\/strong><\/td>\n<td style=\"width: 82.0654%;height: 24px;text-align: left\">Festivo<\/td>\n<\/tr>\n<tr style=\"height: 24px\">\n<td style=\"width: 37.3184%;height: 24px;text-align: left\"><strong>6 de maig<\/strong><\/td>\n<td style=\"width: 82.0654%;height: 24px;text-align: left\">Matefest-Infofest (No lectiu)<\/td>\n<\/tr>\n<tr style=\"height: 24px\">\n<td style=\"width: 37.3184%;height: 24px;text-align: left\"><strong>1 al 16 de junio<\/strong><\/td>\n<td style=\"width: 82.0654%;height: 24px;text-align: left\">Evaluaci\u00f3n continuada y ex\u00e1menes finales<\/td>\n<\/tr>\n<tr style=\"height: 24px\">\n<td style=\"width: 37.3184%;height: 24px;text-align: left\"><strong>19 de junio al 30 de junio<\/strong><\/td>\n<td style=\"width: 82.0654%;height: 24px;text-align: left\">\u00a0Ex\u00e1menes de revaluaci\u00f3n<\/td>\n<\/tr>\n<tr style=\"height: 24px\">\n<td style=\"width: 37.3184%;height: 24px;text-align: left\"><strong>26 de junio al 7 de julio<\/strong><\/td>\n<td style=\"width: 82.0654%;height: 24px;text-align: left\">Exposiciones de TFG<\/td>\n<\/tr>\n<\/tbody>\n<\/table>\n<p>[\/vc_column_text][\/vc_column_inner][\/vc_row_inner][\/vc_column][\/vc_row][vc_row disable_element=\u00bbyes\u00bb][vc_column][vc_column_text]<\/p>\n<h1 style=\"text-align: center\">Calendario acad\u00e9mico curso 2023 &#8211; 2024<\/h1>\n<p style=\"text-align: center\">(Aprobado por Comisi\u00f3n Acad\u00e9mica de 25\/01\/2023)<\/p>\n<p>[\/vc_column_text][vc_row_inner][vc_column_inner width=\u00bb1\/2&#8243;][vc_column_text]<\/p>\n<h3 style=\"text-align: center\">Calendario Acad\u00e9mico del semestre de oto\u00f1o 2023<\/h3>\n<p>[\/vc_column_text][vc_column_text]<\/p>\n<div style=\"border-right: thick double #d8d8d8\">\n<table style=\"height: 519px;width: 85.3413%\" width=\"922\">\n<tbody>\n<tr style=\"height: 24px\">\n<td style=\"width: 49.6951%;text-align: left;height: 24px\"><strong>13 al 28 de julio<\/strong><\/td>\n<td style=\"width: 69.1715%;text-align: left;height: 24px\">Matr\u00edcula de grados de nuevo acceso<\/td>\n<\/tr>\n<tr style=\"height: 24px\">\n<td style=\"width: 49.6951%;height: 24px;text-align: left\"><strong>4 al 8 septiembre<\/strong><\/td>\n<td style=\"width: 69.1715%;height: 24px;text-align: left\">Matr\u00edcula de m\u00e0sters<\/td>\n<\/tr>\n<tr style=\"height: 24px\">\n<td style=\"width: 49.6951%;text-align: left;height: 24px\"><strong>4 al 8 septiembre<\/strong><\/td>\n<td style=\"width: 69.1715%;text-align: left;height: 24px\">Matr\u00edculas de grados 2\u00ba a 4\u00ba<\/td>\n<\/tr>\n<tr style=\"height: 24px\">\n<td style=\"width: 49.6951%;height: 24px;text-align: left\"><strong>7 y 8 septiembre<\/strong><\/td>\n<td style=\"width: 69.1715%;height: 24px;text-align: left\">Jornadas Introductorias<\/td>\n<\/tr>\n<tr style=\"height: 24px\">\n<td style=\"width: 49.6951%;text-align: left;height: 24px\"><strong>11 septiembre<\/strong><\/td>\n<td style=\"width: 69.1715%;text-align: left;height: 24px\">Festivo<\/td>\n<\/tr>\n<tr style=\"height: 24px\">\n<td style=\"background-color: #75c3ff;width: 49.6951%;height: 24px;text-align: left\"><strong>12 de septiembre<\/strong><\/td>\n<td style=\"background-color: #75c3ff;width: 69.1715%;height: 24px;text-align: left\">Inicio de Clases<\/td>\n<\/tr>\n<tr style=\"height: 24px\">\n<td style=\"width: 49.6951%;text-align: left;height: 24px\"><strong>13 al 19 septiembre<\/strong><\/td>\n<td style=\"width: 69.1715%;text-align: left;height: 24px\">Modificaci\u00f3n de matr\u00edcula con derecho a devoluci\u00f3n<\/td>\n<\/tr>\n<tr style=\"height: 24px\">\n<td style=\"width: 49.6951%;text-align: left;height: 25px\"><strong>20 al 22 septiembre<\/strong><\/td>\n<td style=\"width: 69.1715%;text-align: left;height: 25px\">Cambios de grupo justificados (formulario)<\/td>\n<\/tr>\n<tr style=\"height: 24px\">\n<td style=\"width: 49.6951%;text-align: left;height: 24px\"><strong>25 septiembre<\/strong><\/td>\n<td style=\"width: 69.1715%;text-align: left;height: 24px\">Festivo<\/td>\n<\/tr>\n<tr style=\"height: 82px\">\n<td style=\"width: 49.6951%;text-align: left;height: 10px\"><strong>Pendent<\/strong><\/td>\n<td style=\"width: 69.1715%;text-align: left;height: 10px\">Acto de apertura del curso<\/td>\n<\/tr>\n<tr style=\"height: 24px\">\n<td style=\"width: 49.6951%;text-align: left;height: 24px\"><strong>12 de octubre<\/strong><\/td>\n<td style=\"width: 69.1715%;text-align: left;height: 24px\">Festivo<\/td>\n<\/tr>\n<tr>\n<td style=\"width: 49.6951%;text-align: left\"><strong>13 de octubre<\/strong><\/td>\n<td style=\"width: 69.1715%;text-align: left\">No lectivo (puente)<\/td>\n<\/tr>\n<tr style=\"height: 28px\">\n<td style=\"width: 49.6951%;text-align: left;height: 28px\"><strong>19 al 31 de octubre<\/strong><\/td>\n<td style=\"width: 69.1715%;text-align: left;height: 28px\">\u00a0Plazo de acogida evaluaci\u00f3n \u00fanica 1<sup>er<\/sup> semestre<\/td>\n<\/tr>\n<tr style=\"height: 24px\">\n<td style=\"width: 49.6951%;text-align: left;height: 24px\"><strong>1 de Noviembre<\/strong><\/td>\n<td style=\"width: 69.1715%;text-align: left;height: 24px\">Festivo<\/td>\n<\/tr>\n<tr style=\"height: 24px\">\n<td style=\"width: 49.6951%;text-align: left;height: 24px\"><strong>2 al 8 de noviembre<\/strong><\/td>\n<td style=\"width: 69.1715%;text-align: left;height: 24px\">Ex\u00e1menes parciales 1r semestre<\/td>\n<\/tr>\n<tr style=\"height: 24px\">\n<td style=\"width: 49.6951%;height: 24px;text-align: left\"><strong>6 de diciembre<\/strong><\/td>\n<td style=\"width: 69.1715%;height: 24px;text-align: left\">Festivo<\/td>\n<\/tr>\n<tr style=\"height: 24px\">\n<td style=\"width: 49.6951%;text-align: left;height: 24px\"><strong>7 de diciembre<\/strong><\/td>\n<td style=\"width: 69.1715%;text-align: left;height: 24px\">No lectivo (puente)<\/td>\n<\/tr>\n<tr style=\"height: 24px\">\n<td style=\"width: 49.6951%;text-align: left;height: 24px\"><strong>8 de diciembre<\/strong><\/td>\n<td style=\"width: 69.1715%;text-align: left;height: 24px\">Festivo<\/td>\n<\/tr>\n<tr style=\"height: 24px\">\n<td style=\"background-color: #75c3ff;text-align: left;height: 24px;width: 49.6951%\"><strong>22 de diciembre<\/strong><\/td>\n<td style=\"background-color: #75c3ff;text-align: left;height: 24px;width: 69.1715%\">Final de clases<\/td>\n<\/tr>\n<tr style=\"height: 24px\">\n<td style=\"width: 49.6951%;height: 24px;text-align: left\"><strong>25 de diciembre de 2023 al 7 de enero 2024<\/strong><\/td>\n<td style=\"width: 69.1715%;height: 24px;text-align: left\">Vacaciones de Navidad<\/td>\n<\/tr>\n<tr style=\"height: 24px\">\n<td style=\"width: 49.6951%;height: 24px;text-align: left\"><strong>8 al 26 enero<\/strong><\/td>\n<td style=\"width: 69.1715%;height: 24px;text-align: left\">Evaluaci\u00f3n continuada y Ex\u00e1menes finales<\/td>\n<\/tr>\n<tr style=\"height: 24px\">\n<td style=\"width: 49.6951%;height: 24px;text-align: left\"><strong>22 de enero\u00a0 al 2 de febrero<\/strong><\/td>\n<td style=\"width: 69.1715%;height: 24px;text-align: left\">Ex\u00e1menes de revaluaci\u00f3n<\/td>\n<\/tr>\n<tr style=\"height: 24px\">\n<td style=\"width: 49.6951%;text-align: left;height: 24px\"><strong>1 al 9 de febrero<\/strong><\/td>\n<td style=\"width: 69.1715%;text-align: left;height: 24px\">Exposiciones de TFG<\/td>\n<\/tr>\n<\/tbody>\n<\/table>\n<\/div>\n<p>[\/vc_column_text][\/vc_column_inner][vc_column_inner width=\u00bb1\/2&#8243;][vc_column_text]<\/p>\n<h3 style=\"text-align: center\">Calendario Acad\u00e9mico del semestre de primavera 2024<\/h3>\n<p>[\/vc_column_text][vc_column_text]<\/p>\n<table style=\"height: 418px;width: 84.7823%\" width=\"906\">\n<tbody>\n<tr style=\"height: 24px\">\n<td style=\"text-align: left;width: 37.3184%;height: 24px\"><strong>\u00a07 al 16 de febrero<\/strong><\/td>\n<td style=\"width: 83.1692%;height: 24px\">\u00a0Matr\u00edcula 2<sup>o<\/sup>\u00a0semestre Matem\u00e1ticas y modificaci\u00f3n matr\u00edcula<\/td>\n<\/tr>\n<tr style=\"height: 24px\">\n<td style=\"text-align: left;width: 37.3184%;height: 24px\"><strong>12 al 16 de febrero<\/strong><\/td>\n<td style=\"width: 83.1692%;height: 24px\">Modificaci\u00f3n de matr\u00edcula con derecho a devoluci\u00f3n<\/td>\n<\/tr>\n<tr style=\"height: 24px\">\n<td style=\"background-color: #75c3ff;text-align: left;width: 37.3184%;height: 24px\"><strong>12 de febrero<\/strong><\/td>\n<td style=\"background-color: #75c3ff;text-align: left;width: 83.1692%;height: 24px\">Inicio de les clases<\/td>\n<\/tr>\n<tr style=\"height: 24px\">\n<td style=\"width: 37.3184%;height: 24px;text-align: left\"><strong>4 de marzo al 22 de marzo<\/strong><\/td>\n<td style=\"width: 83.1692%;height: 24px;text-align: left\">Plazo de acogida a la evaluaci\u00f3n \u00fanica<\/td>\n<\/tr>\n<tr style=\"height: 24px\">\n<td style=\"width: 37.3184%;text-align: left;height: 24px\"><strong>25 de marzo al 1 de abril<\/strong><\/td>\n<td style=\"width: 83.1692%;text-align: left;height: 24px\">Vacaciones de Semana Santa<\/td>\n<\/tr>\n<tr style=\"height: 24px\">\n<td style=\"width: 37.3184%;text-align: left;height: 24px\"><strong>2 al 8 de abril<\/strong><\/td>\n<td style=\"width: 83.1692%;text-align: left;height: 24px\">Ex\u00e1menes parciales 2\u00ba semestre<\/td>\n<\/tr>\n<tr style=\"height: 24px\">\n<td style=\"width: 37.3184%;text-align: left;height: 24px\"><strong>10 abril<\/strong><\/td>\n<td style=\"width: 83.1692%;text-align: left;height: 24px\">Matefest-Infofest (no lectivo)<\/td>\n<\/tr>\n<tr style=\"height: 24px\">\n<td style=\"width: 37.3184%;text-align: left;height: 24px\"><strong>23 abril<\/strong><\/td>\n<td style=\"width: 83.1692%;text-align: left;height: 24px\">San Jordi (no lectivo)<\/td>\n<\/tr>\n<tr style=\"height: 24px\">\n<td style=\"width: 37.3184%;height: 24px;text-align: left\"><strong>1 mayo\u00a0<\/strong><\/td>\n<td style=\"width: 83.1692%;height: 24px;text-align: left\">Festivo<\/td>\n<\/tr>\n<tr>\n<td style=\"width: 37.3184%;text-align: left\"><strong>15 de mayo<\/strong><\/td>\n<td style=\"width: 83.1692%;text-align: left\">\u00a0No lectivo<\/td>\n<\/tr>\n<tr style=\"height: 24px\">\n<td style=\"width: 37.3184%;text-align: left;height: 24px\"><strong>20 de mayo<\/strong><\/td>\n<td style=\"width: 83.1692%;text-align: left;height: 24px\">Festivo<\/td>\n<\/tr>\n<tr style=\"height: 34px\">\n<td style=\"width: 37.3184%;text-align: left;height: 34px\"><strong>17 abril<\/strong><\/td>\n<td style=\"width: 83.1692%;text-align: left;height: 34px\">Feria de Empresas<\/td>\n<\/tr>\n<tr style=\"height: 24px\">\n<td style=\"background-color: #75c3ff;text-align: left;width: 37.3184%;height: 24px\"><strong>29 de mayo<\/strong><\/td>\n<td style=\"background-color: #75c3ff;text-align: left;width: 83.1692%;height: 24px\">Final clases<\/td>\n<\/tr>\n<tr style=\"height: 24px\">\n<td style=\"width: 37.3184%;height: 24px;text-align: left\"><strong>3 al 21\u00a0 de junio<\/strong><\/td>\n<td style=\"width: 83.1692%;height: 24px;text-align: left\">Evaluaci\u00f3n continuada y ex\u00e1menes finales<\/td>\n<\/tr>\n<tr style=\"height: 24px\">\n<td style=\"width: 37.3184%;height: 24px;text-align: left\"><strong>19 de junio al 28 de junio<\/strong><\/td>\n<td style=\"width: 83.1692%;height: 24px;text-align: left\">\u00a0Ex\u00e1menes de revaluaci\u00f3n<\/td>\n<\/tr>\n<tr style=\"height: 24px\">\n<td style=\"width: 37.3184%;height: 24px;text-align: left\"><strong>24 de junio<\/strong><\/td>\n<td style=\"width: 83.1692%;height: 24px;text-align: left\">Festivo<\/td>\n<\/tr>\n<tr style=\"height: 24px\">\n<td style=\"width: 37.3184%;text-align: left;height: 24px\"><strong>25 de junio al 5 de julio<\/strong><\/td>\n<td style=\"width: 83.1692%;text-align: left;height: 24px\">Exposiciones de TFG<\/td>\n<\/tr>\n<\/tbody>\n<\/table>\n<p>[\/vc_column_text][\/vc_column_inner][\/vc_row_inner][\/vc_column][\/vc_row][vc_row disable_element=\u00bbyes\u00bb][vc_column][vc_column_text]<\/p>\n<h1 style=\"text-align: center\">Calendario acad\u00e9mico curso 2024 &#8211; 2025<\/h1>\n<p style=\"text-align: center\">(Aprobado por Comisi\u00f3n Acad\u00e9mica de 20\/03\/2024)<\/p>\n<p>[\/vc_column_text][vc_row_inner disable_element=\u00bbyes\u00bb][vc_column_inner width=\u00bb1\/2&#8243;][vc_column_text css=\u00bb\u00bb]<\/p>\n<p style=\"text-align: center;\">Calendario semestre de oto\u00f1o 2024<\/p>\n<p>[\/vc_column_text][vc_column_text]<\/p>\n<div style=\"border-right: thick double #d8d8d8\">\n<table style=\"height: 519px;width: 85.3413%\" width=\"922\">\n<tbody>\n<tr style=\"height: 24px\">\n<td style=\"width: 49.6951%;text-align: left;height: 24px\"><strong>12 al 26 de julio<\/strong><\/td>\n<td style=\"width: 69.1715%;text-align: left;height: 24px\">Matr\u00edcula de grados de nuevo acceso<\/td>\n<\/tr>\n<tr style=\"height: 24px\">\n<td style=\"width: 49.6951%;height: 24px;text-align: left\"><strong>4 al 10 septiembre<\/strong><\/td>\n<td style=\"width: 69.1715%;height: 24px;text-align: left\">Matr\u00edcula de m\u00e0sters<\/td>\n<\/tr>\n<tr style=\"height: 24px\">\n<td style=\"width: 49.6951%;text-align: left;height: 24px\"><strong>4 al 6 septiembre<\/strong><\/td>\n<td style=\"width: 69.1715%;text-align: left;height: 24px\">Matr\u00edculas de grados 2\u00ba a 4\u00ba<\/td>\n<\/tr>\n<tr style=\"height: 24px\">\n<td style=\"width: 49.6951%;height: 24px;text-align: left\"><strong>12 y 13 septiembre<\/strong><\/td>\n<td style=\"width: 69.1715%;height: 24px;text-align: left\">Jornadas Introductorias<\/td>\n<\/tr>\n<tr style=\"height: 24px\">\n<td style=\"width: 49.6951%;text-align: left;height: 24px\"><strong>11 septiembre<\/strong><\/td>\n<td style=\"width: 69.1715%;text-align: left;height: 24px\">Festivo<\/td>\n<\/tr>\n<tr style=\"height: 24px\">\n<td style=\"background-color: #75c3ff;width: 49.6951%;height: 24px;text-align: left\"><strong>16 de septiembre<\/strong><\/td>\n<td style=\"background-color: #75c3ff;width: 69.1715%;height: 24px;text-align: left\">Inicio de Clases<\/td>\n<\/tr>\n<tr style=\"height: 24px\">\n<td style=\"width: 49.6951%;text-align: left;height: 24px\"><strong>12 al 20 septiembre<\/strong><\/td>\n<td style=\"width: 69.1715%;text-align: left;height: 24px\">Modificaci\u00f3n de matr\u00edcula con derecho a devoluci\u00f3n<\/td>\n<\/tr>\n<tr style=\"height: 24px\">\n<td style=\"width: 49.6951%;text-align: left;height: 25px\"><strong>23 al 26 septiembre<\/strong><\/td>\n<td style=\"width: 69.1715%;text-align: left;height: 25px\">Cambios de grupo justificados (formulario)<\/td>\n<\/tr>\n<tr>\n<td style=\"width: 49.6951%;text-align: left\"><strong>23 septiembre<\/strong><\/td>\n<td style=\"width: 69.1715%;text-align: left\">No lectivo (puente)<\/td>\n<\/tr>\n<tr style=\"height: 24px\">\n<td style=\"width: 49.6951%;text-align: left;height: 24px\"><strong>24 septiembre<\/strong><\/td>\n<td style=\"width: 69.1715%;text-align: left;height: 24px\">Festivo<\/td>\n<\/tr>\n<tr style=\"height: 82px\">\n<td style=\"width: 49.6951%;text-align: left;height: 10px\"><strong>2 octubre<\/strong><\/td>\n<td style=\"width: 69.1715%;text-align: left;height: 10px\">Acto de apertura del curso y Fiesta 50 aniversario de la Facultad (no lectivo a partir de las 12h)<\/td>\n<\/tr>\n<tr style=\"height: 28px\">\n<td style=\"width: 49.6951%;text-align: left;height: 28px\"><strong>19 al 31 de octubre<\/strong><\/td>\n<td style=\"width: 69.1715%;text-align: left;height: 28px\">\u00a0Plazo de acogida evaluaci\u00f3n \u00fanica 1<sup>er<\/sup> semestre<\/td>\n<\/tr>\n<tr style=\"height: 24px\">\n<td style=\"width: 49.6951%;text-align: left;height: 24px\"><strong>1 de Noviembre<\/strong><\/td>\n<td style=\"width: 69.1715%;text-align: left;height: 24px\">Festivo<\/td>\n<\/tr>\n<tr style=\"height: 24px\">\n<td style=\"width: 49.6951%;text-align: left;height: 24px\"><strong>4 al 8 de noviembre<\/strong><\/td>\n<td style=\"width: 69.1715%;text-align: left;height: 24px\">Ex\u00e1menes parciales 1r semestre<\/td>\n<\/tr>\n<tr style=\"height: 24px\">\n<td style=\"width: 49.6951%;height: 24px;text-align: left\"><strong>6 de diciembre<\/strong><\/td>\n<td style=\"width: 69.1715%;height: 24px;text-align: left\">Festivo<\/td>\n<\/tr>\n<tr style=\"height: 24px\">\n<td style=\"background-color: #75c3ff;text-align: left;height: 24px;width: 49.6951%\"><strong>20 de diciembre<\/strong><\/td>\n<td style=\"background-color: #75c3ff;text-align: left;height: 24px;width: 69.1715%\">Final de clases<\/td>\n<\/tr>\n<tr style=\"height: 24px\">\n<td style=\"width: 49.6951%;height: 24px;text-align: left\"><strong>23 de diciembre\u00a0 al 7 de enero\u00a0<\/strong><\/td>\n<td style=\"width: 69.1715%;height: 24px;text-align: left\">Vacaciones de Navidad<\/td>\n<\/tr>\n<tr style=\"height: 24px\">\n<td style=\"width: 49.6951%;height: 24px;text-align: left\"><strong>8 al 29 enero<\/strong><\/td>\n<td style=\"width: 69.1715%;height: 24px;text-align: left\">Evaluaci\u00f3n continuada y Ex\u00e1menes finales<\/td>\n<\/tr>\n<tr style=\"height: 24px\">\n<td style=\"width: 49.6951%;height: 24px;text-align: left\"><strong>22 al 31 enero<\/strong><\/td>\n<td style=\"width: 69.1715%;height: 24px;text-align: left\">Ex\u00e1menes de revaluaci\u00f3n<\/td>\n<\/tr>\n<tr style=\"height: 24px\">\n<td style=\"width: 49.6951%;text-align: left;height: 24px\"><strong>30 enero al 7 de febrero<\/strong><\/td>\n<td style=\"width: 69.1715%;text-align: left;height: 24px\">Exposiciones de TFG<\/td>\n<\/tr>\n<\/tbody>\n<\/table>\n<p>&nbsp;<\/p><\/div>\n<p>[\/vc_column_text][\/vc_column_inner][vc_column_inner width=\u00bb1\/2&#8243;][vc_column_text css=\u00bb\u00bb]<\/p>\n<p style=\"text-align: center;\">Calendario semestre primavera 2025<\/p>\n<p>[\/vc_column_text][vc_column_text]<\/p>\n<table style=\"height: 394px;width: 84.7823%\" width=\"906\">\n<tbody>\n<tr style=\"height: 24px\">\n<td style=\"text-align: left;width: 37.3184%;height: 24px\"><strong>\u00a03 al 14 de febrero<\/strong><\/td>\n<td style=\"width: 83.1692%;height: 24px\">\u00a0Matr\u00edcula 2<sup>o<\/sup>\u00a0semestre Matem\u00e1ticas y modificaci\u00f3n matr\u00edcula<\/td>\n<\/tr>\n<tr style=\"height: 24px\">\n<td style=\"text-align: left;width: 37.3184%;height: 24px\"><strong>6 al 14 de febrero<\/strong><\/td>\n<td style=\"width: 83.1692%;height: 24px\">Modificaci\u00f3n de matr\u00edcula con derecho a devoluci\u00f3n<\/td>\n<\/tr>\n<tr style=\"height: 24px\">\n<td style=\"background-color: #75c3ff;text-align: left;width: 37.3184%;height: 24px\"><strong>10 de febrero<\/strong><\/td>\n<td style=\"background-color: #75c3ff;text-align: left;width: 83.1692%;height: 24px\">Inicio de les clases<\/td>\n<\/tr>\n<tr style=\"height: 24px\">\n<td style=\"width: 37.3184%;height: 25px;text-align: left\"><strong>5 de marzo al 21 de marzo<\/strong><\/td>\n<td style=\"width: 83.1692%;height: 25px;text-align: left\">Plazo de acogida a la evaluaci\u00f3n \u00fanica<\/td>\n<\/tr>\n<tr style=\"height: 24px\">\n<td style=\"width: 37.3184%;text-align: left;height: 24px\"><strong>19 de marzo<\/strong><\/td>\n<td style=\"width: 83.1692%;text-align: left;height: 24px\">Matefest-Infofest (no lectivo)<\/td>\n<\/tr>\n<tr style=\"height: 24px\">\n<td style=\"width: 37.3184%;text-align: left;height: 24px\"><strong>14 al 21 abril<\/strong><\/td>\n<td style=\"width: 83.1692%;text-align: left;height: 24px\">Vacaciones de Semana Santa<\/td>\n<\/tr>\n<tr style=\"height: 24px\">\n<td style=\"width: 37.3184%;text-align: left;height: 24px\"><strong>7 al 11 de abril<\/strong><\/td>\n<td style=\"width: 83.1692%;text-align: left;height: 24px\">Ex\u00e1menes parciales 2\u00ba semestre<\/td>\n<\/tr>\n<tr style=\"height: 23px\">\n<td style=\"width: 37.3184%;text-align: left;height: 23px\"><strong>22 abril<\/strong><\/td>\n<td style=\"width: 83.1692%;text-align: left;height: 23px\">No lectivo (puente)<\/td>\n<\/tr>\n<tr style=\"height: 24px\">\n<td style=\"width: 37.3184%;text-align: left;height: 24px\"><strong>23 abril<\/strong><\/td>\n<td style=\"width: 83.1692%;text-align: left;height: 24px\">San Jordi (festivo)<\/td>\n<\/tr>\n<tr style=\"height: 24px\">\n<td style=\"width: 37.3184%;height: 24px;text-align: left\"><strong>1 mayo\u00a0<\/strong><\/td>\n<td style=\"width: 83.1692%;height: 24px;text-align: left\">Festivo<\/td>\n<\/tr>\n<tr>\n<td style=\"width: 37.3184%;text-align: left\"><strong>2 mayo<\/strong><\/td>\n<td style=\"width: 83.1692%;text-align: left\">Festivo (puente)<\/td>\n<\/tr>\n<tr style=\"height: 34px\">\n<td style=\"width: 37.3184%;text-align: left;height: 34px\"><strong>7 de mayo<\/strong><\/td>\n<td style=\"width: 83.1692%;text-align: left;height: 34px\">Feria de Empresas<\/td>\n<\/tr>\n<tr style=\"height: 24px\">\n<td style=\"background-color: #75c3ff;text-align: left;width: 37.3184%;height: 24px\"><strong>30 de mayo<\/strong><\/td>\n<td style=\"background-color: #75c3ff;text-align: left;width: 83.1692%;height: 24px\">Final clases<\/td>\n<\/tr>\n<tr>\n<td style=\"width: 37.3184%;text-align: left\"><strong>9 junio<\/strong><\/td>\n<td style=\"width: 83.1692%;text-align: left\">Festivo<\/td>\n<\/tr>\n<tr style=\"height: 24px\">\n<td style=\"width: 37.3184%;height: 24px;text-align: left\"><strong>2 al 20\u00a0 de junio<\/strong><\/td>\n<td style=\"width: 83.1692%;height: 24px;text-align: left\">Evaluaci\u00f3n continuada y ex\u00e1menes finales<\/td>\n<\/tr>\n<tr style=\"height: 24px\">\n<td style=\"width: 37.3184%;height: 24px;text-align: left\"><strong>18 de junio al 30 de junio<\/strong><\/td>\n<td style=\"width: 83.1692%;height: 24px;text-align: left\">\u00a0Ex\u00e1menes de revaluaci\u00f3n<\/td>\n<\/tr>\n<tr style=\"height: 24px\">\n<td style=\"width: 37.3184%;height: 24px;text-align: left\"><strong>24 de junio<\/strong><\/td>\n<td style=\"width: 83.1692%;height: 24px;text-align: left\">Festivo<\/td>\n<\/tr>\n<tr style=\"height: 24px\">\n<td style=\"width: 37.3184%;text-align: left;height: 24px\"><strong>25 de junio al 4 de julio<\/strong><\/td>\n<td style=\"width: 83.1692%;text-align: left;height: 24px\">Exposiciones de TFG<\/td>\n<\/tr>\n<\/tbody>\n<\/table>\n<p>[\/vc_column_text][\/vc_column_inner][\/vc_row_inner][\/vc_column][\/vc_row][vc_row][vc_column][vc_column_text css=\u00bb\u00bb]<\/p>\n<h1 style=\"text-align: center;\">Calendario acad\u00e9mico curso 2025 &#8211; 2026<\/h1>\n<p style=\"text-align: center;\">(Aprobado por Comisi\u00f3n Acad\u00e9mica de 21\/01\/2025)<\/p>\n<p>[\/vc_column_text][vc_row_inner][vc_column_inner width=\u00bb1\/2&#8243;][vc_column_text css=\u00bb\u00bb][\/vc_column_text][vc_column_text css=\u00bb\u00bb]<\/p>\n<div style=\"border-right: thick double #d8d8d8;\">\n<table style=\"height: 447px; width: 85.3413%;\" width=\"922\">\n<tbody>\n<tr style=\"height: 24px;\">\n<td style=\"width: 49.6951%; text-align: left; height: 24px;\"><strong>11 al 25 de julio<\/strong><\/td>\n<td style=\"width: 69.1715%; text-align: left; height: 24px;\">Matr\u00edcula de grados de nuevo acceso<\/td>\n<\/tr>\n<tr style=\"height: 24px;\">\n<td style=\"width: 49.6951%; height: 24px; text-align: left;\"><strong>3 al 10 septiembre<\/strong><\/td>\n<td style=\"width: 69.1715%; height: 24px; text-align: left;\">Matr\u00edcula de m\u00e0sters<\/td>\n<\/tr>\n<tr style=\"height: 24px;\">\n<td style=\"width: 49.6951%; text-align: left; height: 24px;\"><strong>3 al 10 septiembre<\/strong><\/td>\n<td style=\"width: 69.1715%; text-align: left; height: 24px;\">Matr\u00edculas de grados 2\u00ba a 4\u00ba<\/td>\n<\/tr>\n<tr style=\"height: 24px;\">\n<td style=\"width: 49.6951%; height: 24px; text-align: left;\"><strong>pendiente<\/strong><\/td>\n<td style=\"width: 69.1715%; height: 24px; text-align: left;\">Jornadas Introductorias<\/td>\n<\/tr>\n<tr style=\"height: 24px;\">\n<td style=\"width: 49.6951%; text-align: left; height: 24px;\"><strong>11 septiembre<\/strong><\/td>\n<td style=\"width: 69.1715%; text-align: left; height: 24px;\">Festivo<\/td>\n<\/tr>\n<tr style=\"height: 24px;\">\n<td style=\"background-color: #75c3ff; width: 49.6951%; height: 24px; text-align: left;\"><strong>15 de septiembre<\/strong><\/td>\n<td style=\"background-color: #75c3ff; width: 69.1715%; height: 24px; text-align: left;\">Inicio de Clases<\/td>\n<\/tr>\n<tr style=\"height: 24px;\">\n<td style=\"width: 49.6951%; text-align: left; height: 24px;\"><strong>12 al 19 septiembre<\/strong><\/td>\n<td style=\"width: 69.1715%; text-align: left; height: 24px;\">Modificaci\u00f3n de matr\u00edcula con derecho a devoluci\u00f3n<\/td>\n<\/tr>\n<tr style=\"height: 24px;\">\n<td style=\"width: 49.6951%; text-align: left; height: 25px;\"><strong>23 al 26 septiembre<\/strong><\/td>\n<td style=\"width: 69.1715%; text-align: left; height: 25px;\">Cambios de grupo justificados (formulario)<\/td>\n<\/tr>\n<tr style=\"height: 24px;\">\n<td style=\"width: 49.6951%; text-align: left; height: 24px;\"><strong>24 septiembre<\/strong><\/td>\n<td style=\"width: 69.1715%; text-align: left; height: 24px;\">Festivo<\/td>\n<\/tr>\n<tr style=\"height: 82px;\">\n<td style=\"width: 49.6951%; text-align: left; height: 10px;\"><strong>pendiente<\/strong><\/td>\n<td style=\"width: 69.1715%; text-align: left; height: 10px;\">Acto de apertura del curso<\/td>\n<\/tr>\n<tr style=\"height: 28px;\">\n<td style=\"width: 49.6951%; text-align: left; height: 28px;\"><strong>20 al 29 de octubre<\/strong><\/td>\n<td style=\"width: 69.1715%; text-align: left; height: 28px;\">\u00a0Plazo de acogida evaluaci\u00f3n \u00fanica 1<sup>er<\/sup> semestre<\/td>\n<\/tr>\n<tr style=\"height: 24px;\">\n<td style=\"width: 49.6951%; text-align: left; height: 24px;\"><strong>30 de octubre al 5 de noviembre<\/strong><\/td>\n<td style=\"width: 69.1715%; text-align: left; height: 24px;\">Ex\u00e1menes parciales 1r semestre<\/td>\n<\/tr>\n<tr style=\"height: 24px;\">\n<td style=\"width: 49.6951%; height: 24px; text-align: left;\"><strong>8 de diciembre<\/strong><\/td>\n<td style=\"width: 69.1715%; height: 24px; text-align: left;\">Festivo<\/td>\n<\/tr>\n<tr style=\"height: 24px;\">\n<td style=\"background-color: #75c3ff; text-align: left; height: 24px; width: 49.6951%;\"><strong>19 de diciembre<\/strong><\/td>\n<td style=\"background-color: #75c3ff; text-align: left; height: 24px; width: 69.1715%;\">Final de clases<\/td>\n<\/tr>\n<tr style=\"height: 24px;\">\n<td style=\"width: 49.6951%; height: 24px; text-align: left;\"><strong>24 de diciembre\u00a0 al 7 de enero\u00a0<\/strong><\/td>\n<td style=\"width: 69.1715%; height: 24px; text-align: left;\">Vacaciones de Navidad<\/td>\n<\/tr>\n<tr style=\"height: 24px;\">\n<td style=\"width: 49.6951%; height: 24px; text-align: left;\"><strong>8 al 29 enero<\/strong><\/td>\n<td style=\"width: 69.1715%; height: 24px; text-align: left;\">Evaluaci\u00f3n continuada y Ex\u00e1menes finales<\/td>\n<\/tr>\n<tr style=\"height: 24px;\">\n<td style=\"width: 49.6951%; height: 24px; text-align: left;\"><strong>21 al\u00a0 3 febrero<\/strong><\/td>\n<td style=\"width: 69.1715%; height: 24px; text-align: left;\">Ex\u00e1menes de revaluaci\u00f3n<\/td>\n<\/tr>\n<tr style=\"height: 24px;\">\n<td style=\"width: 49.6951%; text-align: left; height: 24px;\"><strong>30 enero al 6 de febrero<\/strong><\/td>\n<td style=\"width: 69.1715%; text-align: left; height: 24px;\">Exposiciones de TFG<\/td>\n<\/tr>\n<\/tbody>\n<\/table>\n<p>&nbsp;<\/p>\n<\/div>\n<p>[\/vc_column_text][\/vc_column_inner][vc_column_inner width=\u00bb1\/2&#8243;][vc_column_text css=\u00bb\u00bb][\/vc_column_text][vc_column_text css=\u00bb\u00bb]<\/p>\n<table style=\"height: 440px; width: 84.7823%;\" width=\"906\">\n<tbody>\n<tr style=\"height: 24px;\">\n<td style=\"text-align: left; width: 37.3184%; height: 24px;\"><strong>\u00a02 al 5 de febrero<\/strong><\/td>\n<td style=\"width: 83.1692%; height: 24px;\">\u00a0Matr\u00edcula 2<sup>o<\/sup>\u00a0semestre Matem\u00e1ticas y modificaci\u00f3n matr\u00edcula<\/td>\n<\/tr>\n<tr style=\"height: 24px;\">\n<td style=\"text-align: left; width: 37.3184%; height: 24px;\"><strong>9 al 16 de febrero<\/strong><\/td>\n<td style=\"width: 83.1692%; height: 24px;\">Modificaci\u00f3n de matr\u00edcula con derecho a devoluci\u00f3n<\/td>\n<\/tr>\n<tr style=\"height: 24px;\">\n<td style=\"background-color: #75c3ff; text-align: left; width: 37.3184%; height: 24px;\"><strong>9 de febrero<\/strong><\/td>\n<td style=\"background-color: #75c3ff; text-align: left; width: 83.1692%; height: 24px;\">Inicio de les clases<\/td>\n<\/tr>\n<tr style=\"height: 23px;\">\n<td style=\"width: 37.3184%; text-align: left; height: 23px;\"><strong>17 de febrero al 20 de marzo<\/strong><\/td>\n<td style=\"width: 83.1692%; text-align: left; height: 23px;\">Cambios de grupo justificados (formulario)<\/td>\n<\/tr>\n<tr style=\"height: 24px;\">\n<td style=\"width: 37.3184%; height: 25px; text-align: left;\"><strong>9 de marzo al 27 de marzo<\/strong><\/td>\n<td style=\"width: 83.1692%; height: 25px; text-align: left;\">Plazo de acogida a la evaluaci\u00f3n \u00fanica<\/td>\n<\/tr>\n<tr style=\"height: 24px;\">\n<td style=\"width: 37.3184%; text-align: left; height: 24px;\"><strong>18 marzo<\/strong><\/td>\n<td style=\"width: 83.1692%; text-align: left; height: 24px;\">Matefest-Infofest (no lectivo)<\/td>\n<\/tr>\n<tr>\n<td style=\"width: 37.3184%; text-align: left;\"><strong>25 marzo<\/strong><\/td>\n<td style=\"width: 83.1692%; text-align: left;\">Feria de empresas<\/td>\n<\/tr>\n<tr style=\"height: 24px;\">\n<td style=\"width: 37.3184%; text-align: left; height: 24px;\"><strong>30 de marzo al 6 de abril<\/strong><\/td>\n<td style=\"width: 83.1692%; text-align: left; height: 24px;\">Vacaciones de Semana Santa<\/td>\n<\/tr>\n<tr style=\"height: 24px;\">\n<td style=\"width: 37.3184%; text-align: left; height: 24px;\"><strong>7 al 13 de abril<\/strong><\/td>\n<td style=\"width: 83.1692%; text-align: left; height: 24px;\">Ex\u00e1menes parciales 2\u00ba semestre<\/td>\n<\/tr>\n<tr style=\"height: 24px;\">\n<td style=\"width: 37.3184%; text-align: left; height: 24px;\"><strong>23 abril<\/strong><\/td>\n<td style=\"width: 83.1692%; text-align: left; height: 24px;\">San Jordi (no lectivo)<\/td>\n<\/tr>\n<tr style=\"height: 24px;\">\n<td style=\"width: 37.3184%; height: 24px; text-align: left;\"><strong>24 abril<\/strong><\/td>\n<td style=\"width: 83.1692%; height: 24px; text-align: left;\">Festivo (puente)<\/td>\n<\/tr>\n<tr style=\"height: 23px;\">\n<td style=\"width: 37.3184%; text-align: left; height: 23px;\"><strong>1 mayo<\/strong><\/td>\n<td style=\"width: 83.1692%; text-align: left; height: 23px;\">Festivo<\/td>\n<\/tr>\n<tr>\n<td style=\"width: 37.3184%; text-align: left;\"><strong>25 mayo<\/strong><\/td>\n<td style=\"width: 83.1692%; text-align: left;\">Festivo<\/td>\n<\/tr>\n<tr style=\"height: 24px;\">\n<td style=\"background-color: #75c3ff; text-align: left; width: 37.3184%; height: 24px;\"><strong>29 de mayo<\/strong><\/td>\n<td style=\"background-color: #75c3ff; text-align: left; width: 83.1692%; height: 24px;\">Final clases<\/td>\n<\/tr>\n<tr style=\"height: 24px;\">\n<td style=\"width: 37.3184%; height: 24px; text-align: left;\"><strong>1 al 18\u00a0 de junio<\/strong><\/td>\n<td style=\"width: 83.1692%; height: 24px; text-align: left;\">Evaluaci\u00f3n continuada y ex\u00e1menes finales<\/td>\n<\/tr>\n<tr style=\"height: 24px;\">\n<td style=\"width: 37.3184%; height: 24px; text-align: left;\"><strong>22 de junio al 3 de julio<\/strong><\/td>\n<td style=\"width: 83.1692%; height: 24px; text-align: left;\">\u00a0Ex\u00e1menes de revaluaci\u00f3n<\/td>\n<\/tr>\n<tr style=\"height: 24px;\">\n<td style=\"width: 37.3184%; height: 24px; text-align: left;\"><strong>24 de junio<\/strong><\/td>\n<td style=\"width: 83.1692%; height: 24px; text-align: left;\">Festivo<\/td>\n<\/tr>\n<tr style=\"height: 24px;\">\n<td style=\"width: 37.3184%; text-align: left; height: 24px;\"><strong>25 de junio al 3 de julio<\/strong><\/td>\n<td style=\"width: 83.1692%; text-align: left; height: 24px;\">Exposiciones de TFG<\/td>\n<\/tr>\n<\/tbody>\n<\/table>\n<p>&nbsp;[\/vc_column_text][\/vc_column_inner][\/vc_row_inner][\/vc_column][\/vc_row][vc_row][vc_column][vc_column_text css=\u00bb\u00bb]<\/p>\n<h1 style=\"text-align: center;\">Calendario acad\u00e9mico curso 2026 &#8211; 2027<\/h1>\n<p style=\"text-align: center;\">(Aprobado por Comisi\u00f3n Acad\u00e9mica de 30\/01\/2026)<\/p>\n<p>[\/vc_column_text][vc_row_inner][vc_column_inner width=\u00bb1\/2&#8243;][vc_column_text css=\u00bb\u00bb][\/vc_column_text][vc_column_text css=\u00bb\u00bb]<\/p>\n<div style=\"border-right: thick double #d8d8d8;\">\n<table style=\"height: 441px; width: 85.3413%;\" width=\"922\">\n<tbody>\n<tr style=\"height: 24px;\">\n<td style=\"width: 49.6951%; text-align: left; height: 24px;\"><strong>14 al 24 de julio<\/strong><\/td>\n<td style=\"width: 69.1715%; text-align: left; height: 24px;\">Matr\u00edcula de grados de nuevo acceso<\/td>\n<\/tr>\n<tr style=\"height: 24px;\">\n<td style=\"width: 49.6951%; height: 24px; text-align: left;\"><strong>3 al 10 septiembre<\/strong><\/td>\n<td style=\"width: 69.1715%; height: 24px; text-align: left;\">Matr\u00edcula de m\u00e0sters<\/td>\n<\/tr>\n<tr style=\"height: 24px;\">\n<td style=\"width: 49.6951%; text-align: left; height: 24px;\"><strong>3 al 10 septiembre<\/strong><\/td>\n<td style=\"width: 69.1715%; text-align: left; height: 24px;\">Matr\u00edculas de grados 2\u00ba a 4\u00ba<\/td>\n<\/tr>\n<tr style=\"height: 24px;\">\n<td style=\"width: 49.6951%; height: 24px; text-align: left;\"><strong>9-10 de septiembre<\/strong><\/td>\n<td style=\"width: 69.1715%; height: 24px; text-align: left;\">Jornadas Introductorias<\/td>\n<\/tr>\n<tr style=\"height: 24px;\">\n<td style=\"width: 49.6951%; text-align: left; height: 24px;\"><strong>11 septiembre<\/strong><\/td>\n<td style=\"width: 69.1715%; text-align: left; height: 24px;\">Festivo<\/td>\n<\/tr>\n<tr style=\"height: 24px;\">\n<td style=\"background-color: #75c3ff; width: 49.6951%; height: 24px; text-align: left;\"><strong>14 de septiembre<\/strong><\/td>\n<td style=\"background-color: #75c3ff; width: 69.1715%; height: 24px; text-align: left;\">Inicio de Clases<\/td>\n<\/tr>\n<tr style=\"height: 24px;\">\n<td style=\"width: 49.6951%; text-align: left; height: 24px;\"><strong>12 al 18 septiembre<\/strong><\/td>\n<td style=\"width: 69.1715%; text-align: left; height: 24px;\">Modificaci\u00f3n de matr\u00edcula con derecho a devoluci\u00f3n<\/td>\n<\/tr>\n<tr style=\"height: 24px;\">\n<td style=\"width: 49.6951%; text-align: left; height: 25px;\"><strong>21 al 25 septiembre<\/strong><\/td>\n<td style=\"width: 69.1715%; text-align: left; height: 25px;\">Cambios de grupo justificados (formulario)<\/td>\n<\/tr>\n<tr style=\"height: 24px;\">\n<td style=\"width: 49.6951%; text-align: left; height: 24px;\"><strong>24 septiembre<\/strong><\/td>\n<td style=\"width: 69.1715%; text-align: left; height: 24px;\">Festivo<\/td>\n<\/tr>\n<tr style=\"height: 82px;\">\n<td style=\"width: 49.6951%; text-align: left; height: 10px;\"><strong>30 de septiembre<\/strong><\/td>\n<td style=\"width: 69.1715%; text-align: left; height: 10px;\">Acto de apertura del curso<\/td>\n<\/tr>\n<tr style=\"height: 23px;\">\n<td style=\"width: 49.6951%; text-align: left; height: 23px;\"><strong>12 de octubre<\/strong><\/td>\n<td style=\"width: 69.1715%; text-align: left; height: 23px;\">Festivo<\/td>\n<\/tr>\n<tr>\n<td style=\"width: 49.6951%; text-align: left;\"><strong>20 de octubre al 28 de octubre<\/strong><\/td>\n<td style=\"width: 69.1715%; text-align: left;\">Plazo de acogida avaluaci\u00f3n \u00fanica 1r semestre<\/td>\n<\/tr>\n<tr style=\"height: 24px;\">\n<td style=\"width: 49.6951%; text-align: left; height: 24px;\"><strong>30 de octubre i del 2 al 5 de noviembre<\/strong><\/td>\n<td style=\"width: 69.1715%; text-align: left; height: 24px;\">Ex\u00e1menes parciales 1r semestre<\/td>\n<\/tr>\n<tr>\n<td style=\"width: 49.6951%; text-align: left;\"><strong>6 de diciembre<\/strong><\/td>\n<td style=\"width: 69.1715%; text-align: left;\">Festivo<\/td>\n<\/tr>\n<tr>\n<td style=\"width: 49.6951%; text-align: left;\"><strong>7 de diciembre<\/strong><\/td>\n<td style=\"width: 69.1715%; text-align: left;\">No Lectivo<\/td>\n<\/tr>\n<tr style=\"height: 24px;\">\n<td style=\"width: 49.6951%; height: 24px; text-align: left;\"><strong>8 de diciembre<\/strong><\/td>\n<td style=\"width: 69.1715%; height: 24px; text-align: left;\">Festivo<\/td>\n<\/tr>\n<tr style=\"height: 24px;\">\n<td style=\"background-color: #75c3ff; text-align: left; height: 24px; width: 49.6951%;\"><strong>22 de diciembre<\/strong><\/td>\n<td style=\"background-color: #75c3ff; text-align: left; height: 24px; width: 69.1715%;\">Final de clases<\/td>\n<\/tr>\n<tr style=\"height: 24px;\">\n<td style=\"width: 49.6951%; height: 24px; text-align: left;\"><strong>24 de diciembre\u00a0 al 7 de enero\u00a0<\/strong><\/td>\n<td style=\"width: 69.1715%; height: 24px; text-align: left;\">Vacaciones de Navidad<\/td>\n<\/tr>\n<tr style=\"height: 24px;\">\n<td style=\"width: 49.6951%; height: 24px; text-align: left;\"><strong>8 al 29 enero\u00a0<\/strong><\/td>\n<td style=\"width: 69.1715%; height: 24px; text-align: left;\">Evaluaci\u00f3n continuada y Ex\u00e1menes finales<\/td>\n<\/tr>\n<tr style=\"height: 24px;\">\n<td style=\"width: 49.6951%; height: 24px; text-align: left;\"><strong>25 al\u00a0 2 febrero<\/strong><\/td>\n<td style=\"width: 69.1715%; height: 24px; text-align: left;\">Ex\u00e1menes de revaluaci\u00f3n<\/td>\n<\/tr>\n<tr style=\"height: 24px;\">\n<td style=\"width: 49.6951%; text-align: left; height: 24px;\"><strong>1 febrero al 5 de febrero<\/strong><\/td>\n<td style=\"width: 69.1715%; text-align: left; height: 24px;\">Exposiciones de TFG<\/td>\n<\/tr>\n<\/tbody>\n<\/table>\n<p>&nbsp;<\/p>\n<\/div>\n<p>[\/vc_column_text][\/vc_column_inner][vc_column_inner width=\u00bb1\/2&#8243;][vc_column_text css=\u00bb\u00bb][\/vc_column_text][vc_column_text css=\u00bb\u00bb]<\/p>\n<table style=\"height: 392px; width: 84.7823%;\" width=\"906\">\n<tbody>\n<tr style=\"height: 24px;\">\n<td style=\"text-align: left; width: 37.3184%; height: 24px;\"><strong>\u00a03 al 5 de febrero<\/strong><\/td>\n<td style=\"width: 83.1692%; height: 24px;\">\u00a0Matr\u00edcula 2<sup>o<\/sup>\u00a0semestre Matem\u00e1ticas y modificaci\u00f3n matr\u00edcula<\/td>\n<\/tr>\n<tr style=\"height: 24px;\">\n<td style=\"text-align: left; width: 37.3184%; height: 24px;\"><strong>8 al 16 de febrero<\/strong><\/td>\n<td style=\"width: 83.1692%; height: 24px;\">Modificaci\u00f3n de matr\u00edcula con derecho a devoluci\u00f3n<\/td>\n<\/tr>\n<tr style=\"height: 24px;\">\n<td style=\"background-color: #75c3ff; text-align: left; width: 37.3184%; height: 24px;\"><strong>8 de febrero<\/strong><\/td>\n<td style=\"background-color: #75c3ff; text-align: left; width: 83.1692%; height: 24px;\">Inicio de les clases<\/td>\n<\/tr>\n<tr style=\"height: 23px;\">\n<td style=\"width: 37.3184%; text-align: left; height: 23px;\"><strong>17 de febrero al 22 de febrero<\/strong><\/td>\n<td style=\"width: 83.1692%; text-align: left; height: 23px;\">Cambios de grupo justificados (formulario)<\/td>\n<\/tr>\n<tr style=\"height: 24px;\">\n<td style=\"width: 37.3184%; height: 25px; text-align: left;\"><strong>5 de marzo al 5 abril<\/strong><\/td>\n<td style=\"width: 83.1692%; height: 25px; text-align: left;\">Plazo de acogida a la evaluaci\u00f3n \u00fanica<\/td>\n<\/tr>\n<tr style=\"height: 24px;\">\n<td style=\"width: 37.3184%; text-align: left; height: 24px;\"><strong>Pendiente fecha<\/strong><\/td>\n<td style=\"width: 83.1692%; text-align: left; height: 24px;\">Matefest-Infofest (no lectivo)<\/td>\n<\/tr>\n<tr style=\"height: 23px;\">\n<td style=\"width: 37.3184%; text-align: left; height: 23px;\"><strong>Pendiente fecha<\/strong><\/td>\n<td style=\"width: 83.1692%; text-align: left; height: 23px;\">Feria de empresas<\/td>\n<\/tr>\n<tr style=\"height: 24px;\">\n<td style=\"width: 37.3184%; text-align: left; height: 24px;\"><strong>22 de marzo al 29 de marzo<\/strong><\/td>\n<td style=\"width: 83.1692%; text-align: left; height: 24px;\">Vacaciones de Semana Santa<\/td>\n<\/tr>\n<tr style=\"height: 24px;\">\n<td style=\"width: 37.3184%; text-align: left; height: 24px;\"><strong>6 al 12 de abril<\/strong><\/td>\n<td style=\"width: 83.1692%; text-align: left; height: 24px;\">Ex\u00e1menes parciales 2\u00ba semestre<\/td>\n<\/tr>\n<tr style=\"height: 24px;\">\n<td style=\"width: 37.3184%; text-align: left; height: 24px;\"><strong>23 abril<\/strong><\/td>\n<td style=\"width: 83.1692%; text-align: left; height: 24px;\">San Jordi (no lectivo)<\/td>\n<\/tr>\n<tr style=\"height: 24px;\">\n<td style=\"width: 37.3184%; height: 24px; text-align: left;\"><strong>1 mayo<\/strong><\/td>\n<td style=\"width: 83.1692%; height: 24px; text-align: left;\">Festivo (puente)<\/td>\n<\/tr>\n<tr style=\"height: 23px;\">\n<td style=\"width: 37.3184%; text-align: left; height: 23px;\"><strong>17 mayo<\/strong><\/td>\n<td style=\"width: 83.1692%; text-align: left; height: 23px;\">Festivo<\/td>\n<\/tr>\n<tr style=\"height: 24px;\">\n<td style=\"background-color: #75c3ff; text-align: left; width: 37.3184%; height: 24px;\"><strong>31 de mayo<\/strong><\/td>\n<td style=\"background-color: #75c3ff; text-align: left; width: 83.1692%; height: 24px;\">Final clases<\/td>\n<\/tr>\n<tr style=\"height: 24px;\">\n<td style=\"width: 37.3184%; height: 24px; text-align: left;\"><strong>1 al 30\u00a0 de junio\u00a0<\/strong><\/td>\n<td style=\"width: 83.1692%; height: 24px; text-align: left;\">Evaluaci\u00f3n continuada y ex\u00e1menes finales<\/td>\n<\/tr>\n<tr style=\"height: 24px;\">\n<td style=\"width: 37.3184%; height: 24px; text-align: left;\"><strong>21 de junio al 2 de julio<\/strong><\/td>\n<td style=\"width: 83.1692%; height: 24px; text-align: left;\">\u00a0Ex\u00e1menes de revaluaci\u00f3n<\/td>\n<\/tr>\n<tr style=\"height: 24px;\">\n<td style=\"width: 37.3184%; height: 24px; text-align: left;\"><strong>24 de junio<\/strong><\/td>\n<td style=\"width: 83.1692%; height: 24px; text-align: left;\">Festivo<\/td>\n<\/tr>\n<tr style=\"height: 24px;\">\n<td style=\"width: 37.3184%; text-align: left; height: 10px;\"><strong>25 de junio al 4 de julio<\/strong><\/td>\n<td style=\"width: 83.1692%; text-align: left; height: 10px;\">Exposiciones de TFG<\/td>\n<\/tr>\n<\/tbody>\n<\/table>\n<p>&nbsp;[\/vc_column_text][\/vc_column_inner][\/vc_row_inner][\/vc_column][\/vc_row][vc_row][vc_column][vc_column_text][\/vc_column_text][vc_row_inner disable_element=\u00bbyes\u00bb][vc_column_inner width=\u00bb1\/2&#8243;][vc_column_text][\/vc_column_text][\/vc_column_inner][\/vc_row_inner][\/vc_column][\/vc_row][vc_row disable_element=\u00bbyes\u00bb][vc_column][vc_column_text]<\/p>\n<h1>Calendario acad\u00e9mico curso 2021 &#8211; 2022<\/h1>\n<p>[\/vc_column_text][vc_row_inner][vc_column_inner width=\u00bb1\/2&#8243;][vc_column_text]<\/p>\n<h3 style=\"text-align: center\">Calendario Acad\u00e9mico del semestre de oto\u00f1o 2021<\/h3>\n<p>[\/vc_column_text][vc_column_text]<\/p>\n<div style=\"border-right: thick double #d8d8d8\">\n<table style=\"height: 506px;width: 70.7485%\" width=\"922\">\n<tbody>\n<tr style=\"height: 24px\">\n<td style=\"width: 453px;text-align: left;height: 24px\"><strong>15 al 29 de julio<\/strong><\/td>\n<td style=\"width: 453px;text-align: left;height: 24px\">Matr\u00edcula de grados de nuevo acceso<\/td>\n<\/tr>\n<tr style=\"height: 24px\">\n<td style=\"width: 453px;height: 24px;text-align: left\"><strong>2 al 10 septiembre<\/strong><\/td>\n<td style=\"width: 453px;height: 24px;text-align: left\">Matr\u00edcula de m\u00e0sters<\/td>\n<\/tr>\n<tr style=\"height: 24px\">\n<td style=\"width: 453px;text-align: left;height: 24px\"><strong>6 al 8 de septiembre<\/strong><\/td>\n<td style=\"width: 453px;text-align: left;height: 24px\">Matr\u00edculas de grados 2\u00ba a 4\u00ba<\/td>\n<\/tr>\n<tr style=\"height: 24px\">\n<td style=\"width: 453px;height: 24px;text-align: left\"><strong>9 y 10 septiembre<\/strong><\/td>\n<td style=\"width: 453px;height: 24px;text-align: left\">Jornadas Introductorias<\/td>\n<\/tr>\n<tr style=\"height: 24px\">\n<td style=\"width: 453px;text-align: left;height: 24px\"><strong>11 septiembre<\/strong><\/td>\n<td style=\"width: 453px;text-align: left;height: 24px\">Festivo<\/td>\n<\/tr>\n<tr style=\"height: 24px\">\n<td style=\"background-color: #75c3ff;width: 453px;height: 24px;text-align: left\"><strong>9 al 17 de septiembre<\/strong><\/td>\n<td style=\"background-color: #75c3ff;width: 453px;height: 24px;text-align: left\">Inicio de Clases<\/td>\n<\/tr>\n<tr style=\"height: 24px\">\n<td style=\"width: 453px;text-align: left;height: 25px\"><strong>20 al 23 septiembre<\/strong><\/td>\n<td style=\"width: 453px;text-align: left;height: 25px\">Cambios de grupo justificados (formulario)<\/td>\n<\/tr>\n<tr style=\"height: 24px\">\n<td style=\"width: 453px;text-align: left;height: 24px\"><strong>24 septiembre<\/strong><\/td>\n<td style=\"width: 453px;text-align: left;height: 24px\">Festivo<\/td>\n<\/tr>\n<tr style=\"height: 82px\">\n<td style=\"width: 453px;text-align: left;height: 49px\"><strong>13 de octubre<\/strong><\/td>\n<td style=\"width: 453px;text-align: left;height: 49px\">Acto de apertura del curso<\/td>\n<\/tr>\n<tr style=\"height: 24px\">\n<td style=\"width: 453px;text-align: left;height: 24px\"><strong>12 de octubre<\/strong><\/td>\n<td style=\"width: 453px;text-align: left;height: 24px\">Festivo<\/td>\n<\/tr>\n<tr style=\"height: 24px\">\n<td style=\"width: 453px;text-align: left;height: 24px\"><strong>1 de Noviembre<\/strong><\/td>\n<td style=\"width: 453px;text-align: left;height: 24px\">Festivo<\/td>\n<\/tr>\n<tr>\n<td style=\"width: 453px;text-align: left\"><strong>4-5 y 8-9 y 10 de noviembre<\/strong><\/td>\n<td style=\"width: 453px;text-align: left\">Ex\u00e1menes parciales 1r semestre<\/td>\n<\/tr>\n<tr style=\"height: 24px\">\n<td style=\"width: 453px;text-align: left;height: 24px\"><strong>25 de octubre al 26 de noviembre<\/strong><\/td>\n<td style=\"width: 453px;text-align: left;height: 24px\">Plazo de acogida evaluaci\u00f3n \u00fanica 1<sup>er<\/sup> semestre<\/td>\n<\/tr>\n<tr style=\"height: 24px\">\n<td style=\"width: 453px;height: 24px;text-align: left\"><strong>6 de diciembre<\/strong><\/td>\n<td style=\"width: 453px;height: 24px;text-align: left\">Festivo<\/td>\n<\/tr>\n<tr style=\"height: 24px\">\n<td style=\"width: 453px;text-align: left;height: 24px\"><strong>7 de diciembre<\/strong><\/td>\n<td style=\"width: 453px;text-align: left;height: 24px\">No lectivo<\/td>\n<\/tr>\n<tr style=\"height: 24px\">\n<td style=\"width: 453px;text-align: left;height: 24px\"><strong>8 de diciembre<\/strong><\/td>\n<td style=\"width: 453px;text-align: left;height: 24px\">Festivo<\/td>\n<\/tr>\n<tr style=\"height: 24px\">\n<td style=\"background-color: #75c3ff;text-align: left;height: 24px;width: 453px\"><strong>22 de diciembre<\/strong><\/td>\n<td style=\"background-color: #75c3ff;text-align: left;height: 24px;width: 453px\">Final de clases<\/td>\n<\/tr>\n<tr style=\"height: 24px\">\n<td style=\"width: 453px;height: 24px;text-align: left\"><strong>23 de diciembre de 2021 al 7 de enero 2022<\/strong><\/td>\n<td style=\"width: 453px;height: 24px;text-align: left\">Vacaciones de Navidad<\/td>\n<\/tr>\n<tr style=\"height: 24px\">\n<td style=\"width: 453px;height: 24px;text-align: left\"><strong>10\u00a0 al 28 de enero<\/strong><\/td>\n<td style=\"width: 453px;height: 24px;text-align: left\">Evaluaci\u00f3n continuada y Ex\u00e1menes finales<\/td>\n<\/tr>\n<tr style=\"height: 24px\">\n<td style=\"width: 453px;height: 24px;text-align: left\"><strong>24 de enero\u00a0 al 4 de febrero<\/strong><\/td>\n<td style=\"width: 453px;height: 24px;text-align: left\">Ex\u00e1menes de revaluaci\u00f3n<\/td>\n<\/tr>\n<tr style=\"height: 24px\">\n<td style=\"width: 453px;text-align: left;height: 24px\"><strong>7 a 11 de febrero<\/strong><\/td>\n<td style=\"width: 453px;text-align: left;height: 24px\">Exposiciones de TFG<\/td>\n<\/tr>\n<\/tbody>\n<\/table>\n<\/div>\n<p>[\/vc_column_text][\/vc_column_inner][vc_column_inner width=\u00bb1\/2&#8243;][vc_column_text]<\/p>\n<h3 style=\"text-align: center\">Calendario Acad\u00e9mico del semestre de primavera 2022<\/h3>\n<p>[\/vc_column_text][vc_column_text]<\/p>\n<table style=\"height: 370px;width: 72.9468%\" width=\"906\">\n<tbody>\n<tr style=\"height: 24px\">\n<td style=\"text-align: left;width: 37.3184%;height: 24px\"><strong>\u00a07 al 11 de febrero<\/strong><\/td>\n<td style=\"width: 67.7095%;height: 24px\">\u00a0Matr\u00edcula 2<sup>o<\/sup>\u00a0semestre Matem\u00e1ticas y modificaci\u00f3n matr\u00edcula<\/td>\n<\/tr>\n<tr style=\"height: 24px\">\n<td style=\"background-color: #75c3ff;text-align: left;width: 37.3184%;height: 24px\"><strong>14 de febrero<\/strong><\/td>\n<td style=\"background-color: #75c3ff;text-align: left;width: 67.7095%;height: 24px\">Inicio de les clases<\/td>\n<\/tr>\n<tr style=\"height: 24px\">\n<td style=\"width: 37.3184%;height: 24px;text-align: left\"><strong>28 de marzo al 6 de mayo<\/strong><\/td>\n<td style=\"width: 67.7095%;height: 24px;text-align: left\">Plazo de acogida a la evaluaci\u00f3n \u00fanica<\/td>\n<\/tr>\n<tr style=\"height: 24px\">\n<td style=\"width: 37.3184%;text-align: left;height: 24px\"><strong>4-5-6-7- 8 de abril<\/strong><\/td>\n<td style=\"width: 67.7095%;text-align: left;height: 24px\">Ex\u00e1menes parciales 2\u00ba semestre<\/td>\n<\/tr>\n<tr style=\"height: 24px\">\n<td style=\"width: 37.3184%;height: 24px;text-align: left\"><strong>11 al 18 abril<\/strong><\/td>\n<td style=\"width: 67.7095%;height: 24px;text-align: left\">Vacaciones de Semana Santa<\/td>\n<\/tr>\n<tr style=\"height: 24px\">\n<td style=\"width: 37.3184%;height: 24px;text-align: left\"><strong>27 de abril<\/strong><\/td>\n<td style=\"width: 67.7095%;height: 24px;text-align: left\">Matefest-Infofest (no lectivo)<\/td>\n<\/tr>\n<tr style=\"height: 34px\">\n<td style=\"width: 37.3184%;text-align: left;height: 34px\"><strong>4 de mayo<\/strong><\/td>\n<td style=\"width: 67.7095%;text-align: left;height: 34px\">Feria de Empresas<\/td>\n<\/tr>\n<tr style=\"height: 24px\">\n<td style=\"background-color: #75c3ff;text-align: left;width: 37.3184%;height: 24px\"><strong>27 de mayo<\/strong><\/td>\n<td style=\"background-color: #75c3ff;text-align: left;width: 67.7095%;height: 24px\">Final clases<\/td>\n<\/tr>\n<tr style=\"height: 24px\">\n<td style=\"width: 37.3184%;height: 24px;text-align: left\"><strong>6 de junio<\/strong><\/td>\n<td style=\"width: 67.7095%;height: 24px;text-align: left\">Festivo<\/td>\n<\/tr>\n<tr style=\"height: 24px\">\n<td style=\"width: 37.3184%;height: 24px;text-align: left\"><strong>1 al 17 de junio<\/strong><\/td>\n<td style=\"width: 67.7095%;height: 24px;text-align: left\">Evaluaci\u00f3n continuada y ex\u00e1menes finales<\/td>\n<\/tr>\n<tr style=\"height: 24px\">\n<td style=\"width: 37.3184%;height: 24px;text-align: left\"><strong>20 de junio al 1 de julio<\/strong><\/td>\n<td style=\"width: 67.7095%;height: 24px;text-align: left\">\u00a0Ex\u00e1menes de revaluaci\u00f3n<\/td>\n<\/tr>\n<tr style=\"height: 24px\">\n<td style=\"width: 37.3184%;height: 24px;text-align: left\"><strong>24 de junio<\/strong><\/td>\n<td style=\"width: 67.7095%;height: 24px;text-align: left\">Festivo<\/td>\n<\/tr>\n<tr style=\"height: 24px\">\n<td style=\"width: 37.3184%;text-align: left;height: 24px\"><strong>27 de junio al 8 de julio<\/strong><\/td>\n<td style=\"width: 67.7095%;text-align: left;height: 24px\">Exposiciones de TFG<\/td>\n<\/tr>\n<\/tbody>\n<\/table>\n<p>[\/vc_column_text][\/vc_column_inner][\/vc_row_inner][\/vc_column][\/vc_row][vc_row][vc_column][vc_column_text][\/vc_column_text][vc_row_inner disable_element=\u00bbyes\u00bb][vc_column_inner width=\u00bb1\/2&#8243;][vc_column_text]<\/p>\n<h3 style=\"text-align: center\">Calendario Acad\u00e9mico del semestre de oto\u00f1o 2020<\/h3>\n<p>[\/vc_column_text][vc_column_text]<\/p>\n<div style=\"border-right: thick double #d8d8d8\">\n<table style=\"height: 537px;width: 70.7485%\" width=\"922\">\n<tbody>\n<tr style=\"height: 24px\">\n<td style=\"width: 49.6175%;text-align: left;height: 24px\"><strong>7 al 21 de septiembre<\/strong><\/td>\n<td style=\"width: 49.5082%;text-align: left;height: 24px\">Matr\u00edcula de todos los cursos (m\u00e1sters incluidos)<\/td>\n<\/tr>\n<tr style=\"height: 24px\">\n<td style=\"width: 49.6175%;height: 24px;text-align: left\"><strong>11 septiembre<\/strong><\/td>\n<td style=\"width: 49.5082%;height: 24px;text-align: left\">Festivo<\/td>\n<\/tr>\n<tr style=\"height: 24px\">\n<td style=\"width: 49.6175%;text-align: left;height: 24px\"><strong>22 i 23 de setembre<\/strong><\/td>\n<td style=\"width: 49.5082%;text-align: left;height: 24px\">Jornadas Introductorias<\/td>\n<\/tr>\n<tr style=\"height: 24px\">\n<td style=\"width: 49.6175%;height: 24px;text-align: left\"><strong>24 septiembre<\/strong><\/td>\n<td style=\"width: 49.5082%;height: 24px;text-align: left\">Festivo<\/td>\n<\/tr>\n<tr style=\"height: 24px\">\n<td style=\"width: 49.6175%;text-align: left;height: 24px\"><strong>25 septiembre<\/strong><\/td>\n<td style=\"width: 49.5082%;text-align: left;height: 24px\">No lectivo<\/td>\n<\/tr>\n<tr style=\"height: 24px\">\n<td style=\"background-color: #75c3ff;width: 49.6175%;height: 23px;text-align: left\"><strong>28 de septiembre<\/strong><\/td>\n<td style=\"background-color: #75c3ff;width: 49.5082%;height: 23px;text-align: left\">Inicio de Clases<\/td>\n<\/tr>\n<tr style=\"height: 24px\">\n<td style=\"width: 49.6175%;text-align: left;height: 25px\"><strong>28 de septiembre al 2 de octubre<\/strong><\/td>\n<td style=\"width: 49.5082%;text-align: left;height: 25px\">Modificaci\u00f3n de matr\u00edcula con derecho a devoluci\u00f3n<\/td>\n<\/tr>\n<tr style=\"height: 24px\">\n<td style=\"width: 49.6175%;text-align: left;height: 24px\"><strong>6 al 8 octubre<\/strong><\/td>\n<td style=\"width: 49.5082%;text-align: left;height: 24px\">Cambios de grupo justificados (formulario)<\/td>\n<\/tr>\n<tr style=\"height: 82px\">\n<td style=\"width: 49.6175%;text-align: left;height: 82px\"><strong>7 octubre<\/strong><\/td>\n<td style=\"width: 49.5082%;text-align: left;height: 82px\">Acto de apertura del curso<\/td>\n<\/tr>\n<tr style=\"height: 24px\">\n<td style=\"width: 49.6175%;text-align: left;height: 24px\"><strong>12 de octubre<\/strong><\/td>\n<td style=\"width: 49.5082%;text-align: left;height: 24px\">Festivo<\/td>\n<\/tr>\n<tr style=\"height: 24px\">\n<td style=\"width: 49.6175%;text-align: left;height: 24px\"><strong>26 de octubre al 27 de noviembre<\/strong><\/td>\n<td style=\"width: 49.5082%;text-align: left;height: 24px\">Plazo de acogida evaluaci\u00f3n \u00fanica 1<sup>er<\/sup> semestre<\/td>\n<\/tr>\n<tr style=\"height: 24px\">\n<td style=\"width: 49.6175%;text-align: left;height: 24px\"><strong>7 de diciembre<\/strong><\/td>\n<td style=\"width: 49.5082%;text-align: left;height: 24px\">No lectivo<\/td>\n<\/tr>\n<tr style=\"height: 24px\">\n<td style=\"width: 49.6175%;height: 24px;text-align: left\"><strong>8 de diciembre<\/strong><\/td>\n<td style=\"width: 49.5082%;height: 24px;text-align: left\">Festivo<\/td>\n<\/tr>\n<tr style=\"height: 24px\">\n<td style=\"background-color: #75c3ff;text-align: left;height: 24px;width: 49.6175%\"><strong>22 de diciembre<\/strong><\/td>\n<td style=\"background-color: #75c3ff;text-align: left;height: 24px;width: 49.5082%\">Final de clases<\/td>\n<\/tr>\n<tr style=\"height: 24px\">\n<td style=\"width: 49.6175%;height: 24px;text-align: left\"><strong>23 de diciembre de 2020 al 6 de enero 2021<\/strong><\/td>\n<td style=\"width: 49.5082%;height: 24px;text-align: left\">Vacaciones de Navidad<\/td>\n<\/tr>\n<tr style=\"height: 24px\">\n<td style=\"width: 49.6175%;height: 24px;text-align: left\"><strong>8 al 27 de enero<\/strong><\/td>\n<td style=\"width: 49.5082%;height: 24px;text-align: left\">Evaluaci\u00f3n continuada y Ex\u00e1menes finales<\/td>\n<\/tr>\n<tr style=\"height: 24px\">\n<td style=\"width: 49.6175%;height: 24px;text-align: left\"><strong>28 de enero\u00a0 al 5 de febrero<\/strong><\/td>\n<td style=\"width: 49.5082%;height: 24px;text-align: left\">Ex\u00e1menes de revaluaci\u00f3n<\/td>\n<\/tr>\n<\/tbody>\n<\/table>\n<\/div>\n<p>[\/vc_column_text][\/vc_column_inner][vc_column_inner width=\u00bb1\/2&#8243;][vc_column_text]<\/p>\n<h3 style=\"text-align: center\">Calendario Acad\u00e9mico del semestre de primavera 2021<\/h3>\n<p>[\/vc_column_text][vc_column_text]<\/p>\n<table style=\"height: 370px;width: 72.9468%\" width=\"906\">\n<tbody>\n<tr style=\"height: 24px\">\n<td style=\"text-align: left;width: 37.3184%;height: 24px\"><strong>10 al 12 de febrero<\/strong><\/td>\n<td style=\"width: 67.7095%;height: 24px\">\u00a0Matr\u00edcula 2<sup>o<\/sup>\u00a0semestre Matem\u00e1ticas y modificaci\u00f3n matr\u00edcula<\/td>\n<\/tr>\n<tr style=\"height: 24px\">\n<td style=\"background-color: #75c3ff;text-align: left;width: 37.3184%;height: 24px\"><strong>15 de febrero<\/strong><\/td>\n<td style=\"background-color: #75c3ff;text-align: left;width: 67.7095%;height: 24px\">Inicio de les clases<\/td>\n<\/tr>\n<tr style=\"height: 24px\">\n<td style=\"width: 37.3184%;height: 24px;text-align: left\"><strong>22 febrero al 26 marzo<\/strong><\/td>\n<td style=\"width: 67.7095%;height: 24px;text-align: left\">Plazo de acogida a la evaluaci\u00f3n \u00fanica<\/td>\n<\/tr>\n<tr style=\"height: 24px\">\n<td style=\"width: 37.3184%;height: 24px;text-align: left\"><strong>29 de marzo al 5 de abril<\/strong><\/td>\n<td style=\"width: 67.7095%;height: 24px;text-align: left\">Vacaciones de Semana Santa<\/td>\n<\/tr>\n<tr>\n<td style=\"width: 37.3184%;text-align: left\"><strong>23 de abril<\/strong><\/td>\n<td style=\"width: 67.7095%;text-align: left\">no lectivo<\/td>\n<\/tr>\n<tr style=\"height: 24px\">\n<td style=\"width: 37.3184%;height: 24px;text-align: left\"><strong>28 de abril<\/strong><\/td>\n<td style=\"width: 67.7095%;height: 24px;text-align: left\">Fira d&#8217;Empreses<\/td>\n<\/tr>\n<tr style=\"height: 34px\">\n<td style=\"width: 37.3184%;text-align: left;height: 34px\"><strong>5 de mayo<\/strong><\/td>\n<td style=\"width: 67.7095%;text-align: left;height: 34px\">Matefest-Infofest<\/td>\n<\/tr>\n<tr style=\"height: 24px\">\n<td style=\"width: 37.3184%;height: 24px;text-align: left\"><strong>24 de mayo<\/strong><\/td>\n<td style=\"width: 67.7095%;height: 24px;text-align: left\">Festivo<\/td>\n<\/tr>\n<tr style=\"height: 24px\">\n<td style=\"background-color: #75c3ff;text-align: left;width: 37.3184%;height: 24px\"><strong>28 de mayo<\/strong><\/td>\n<td style=\"background-color: #75c3ff;text-align: left;width: 67.7095%;height: 24px\">Final clases<\/td>\n<\/tr>\n<tr style=\"height: 24px\">\n<td style=\"width: 37.3184%;height: 24px;text-align: left\"><strong>29 d&#8217;abril<\/strong><\/td>\n<td style=\"width: 67.7095%;height: 24px;text-align: left\">Fira d&#8217;Empreses<\/td>\n<\/tr>\n<tr style=\"height: 24px\">\n<td style=\"width: 37.3184%;height: 24px;text-align: left\"><strong>6 de maig<\/strong><\/td>\n<td style=\"width: 67.7095%;height: 24px;text-align: left\">Matefest-Infofest (No lectiu)<\/td>\n<\/tr>\n<tr style=\"height: 24px\">\n<td style=\"width: 37.3184%;height: 24px;text-align: left\"><strong>7 al 23 junio<\/strong><\/td>\n<td style=\"width: 67.7095%;height: 24px;text-align: left\">Evaluaci\u00f3n continuada y ex\u00e1menes finales<\/td>\n<\/tr>\n<tr>\n<td style=\"width: 37.3184%;text-align: left\"><strong>24 junio<\/strong><\/td>\n<td style=\"width: 67.7095%;text-align: left\">Festivo<\/td>\n<\/tr>\n<tr>\n<td style=\"width: 37.3184%;text-align: left\"><strong>25 junio<\/strong><\/td>\n<td style=\"width: 67.7095%;text-align: left\">No lectivo<\/td>\n<\/tr>\n<tr style=\"height: 24px\">\n<td style=\"width: 37.3184%;height: 24px;text-align: left\"><strong>28 de junio al 6 de julio<\/strong><\/td>\n<td style=\"width: 67.7095%;height: 24px;text-align: left\">\u00a0Ex\u00e1menes de revaluaci\u00f3n<\/td>\n<\/tr>\n<\/tbody>\n<\/table>\n<p>[\/vc_column_text][\/vc_column_inner][\/vc_row_inner][\/vc_column][\/vc_row][vc_row disable_element=\u00bbyes\u00bb][vc_column][vc_tta_tabs alignment=\u00bbcenter\u00bb active_section=\u00bb2&#8243;][vc_tta_section title=\u00bbCurso 2019\/2020&#8243; tab_id=\u00bbcalendari_19-20&#8243;][vc_row_inner][vc_column_inner width=\u00bb1\/2&#8243;][vc_column_text]<\/p>\n<h3 style=\"text-align: center\">Calendario Acad\u00e9mico del semestre de oto\u00f1o 2019<\/h3>\n<p>[\/vc_column_text][vc_column_text]<\/p>\n<div style=\"border-right: thick double #d8d8d8\">\n<table style=\"height: 463px\" width=\"922\">\n<tbody>\n<tr style=\"height: 24px\">\n<td style=\"width: 453px;text-align: left;height: 24px\"><strong>15 al 18 de julio<\/strong><\/td>\n<td style=\"width: 453px;text-align: left;height: 24px\">Sesiones informativas\/Matr\u00edcula nuevo acceso<\/td>\n<\/tr>\n<tr style=\"height: 24px\">\n<td style=\"background-color: #75c3ff;width: 453px;height: 24px;text-align: left\"><strong>10 de septiembre<\/strong><\/td>\n<td style=\"background-color: #75c3ff;width: 453px;height: 24px;text-align: left\">Inicio de las clases primer curso<\/td>\n<\/tr>\n<tr style=\"height: 24px\">\n<td style=\"width: 453px;height: 24px;text-align: left\"><strong>11 de septiembre<\/strong><\/td>\n<td style=\"width: 453px;height: 24px;text-align: left\">Festivo<\/td>\n<\/tr>\n<tr style=\"height: 24px\">\n<td style=\"background-color: #75c3ff;text-align: left;height: 24px;width: 453px\"><strong>12 de septiembre<\/strong><\/td>\n<td style=\"background-color: #75c3ff;text-align: left;height: 24px;width: 453px\">Inicio de las clases<\/td>\n<\/tr>\n<tr style=\"height: 48px\">\n<td style=\"width: 453px;text-align: left;height: 48px\"><strong>13 de septiembre<\/strong><\/td>\n<td style=\"width: 453px;text-align: left;height: 48px\">Modificaci\u00f3n matr\u00edcula con derecho a devoluci\u00f3n &#8211; automatr\u00edcula<\/td>\n<\/tr>\n<tr style=\"height: 24px\">\n<td style=\"width: 453px;height: 24px;text-align: left\"><strong>16 al 20 de septiembre<\/strong><\/td>\n<td style=\"width: 453px;height: 24px;text-align: left\">Modificaci\u00f3n matr\u00edcula con derecho a devoluci\u00f3n &#8211; ventanilla<\/td>\n<\/tr>\n<tr style=\"height: 24px\">\n<td style=\"width: 453px;text-align: left;height: 24px\"><strong>19 y 20 de septiembre<\/strong><\/td>\n<td style=\"width: 453px;text-align: left;height: 24px\">Cambios de grupo justificados<\/td>\n<\/tr>\n<tr style=\"height: 24px\">\n<td style=\"width: 453px;height: 24px;text-align: left\"><strong>24 de septiembre<\/strong><\/td>\n<td style=\"width: 453px;height: 24px;text-align: left\">Festivo (La Merc\u00e8)<\/td>\n<\/tr>\n<tr style=\"height: 24px\">\n<td style=\"width: 453px;text-align: left;height: 24px\"><strong>25 de septiembre<\/strong><\/td>\n<td style=\"width: 453px;text-align: left;height: 24px\">Acto de apertura del curso<\/td>\n<\/tr>\n<tr style=\"height: 24px\">\n<td style=\"width: 453px;height: 24px;text-align: left\"><strong>1 de noviembre<\/strong><\/td>\n<td style=\"width: 453px;height: 24px;text-align: left\">Festivo<\/td>\n<\/tr>\n<tr style=\"height: 24px\">\n<td style=\"width: 453px;text-align: left;height: 24px\"><strong>5 de noviembre &#8212; NUEVA FECHA<\/strong><\/td>\n<td style=\"width: 453px;text-align: left;height: 24px\">Fecha l\u00edmite de acogimiento a la evaluaci\u00f3n \u00fanica<\/td>\n<\/tr>\n<tr style=\"height: 24px\">\n<td style=\"width: 453px;text-align: left;height: 24px\">\n<p><strong>7, 11, 12, 13 y 14 de noviembre &#8212; NUEVAS FECHAS<\/strong><\/p>\n<p><strong>(Viernes, 8 de noviembre dia lectivo normal)<\/strong><\/td>\n<td style=\"width: 453px;text-align: left;height: 24px\">Primeras pruebas parciales de evaluaci\u00f3n cont\u00ednua<\/td>\n<\/tr>\n<tr style=\"height: 24px\">\n<td style=\"width: 453px;height: 24px;text-align: left\"><strong>18 de noviembre<\/strong><\/td>\n<td style=\"width: 453px;height: 24px;text-align: left\">Entrega de diplomas<\/td>\n<\/tr>\n<tr style=\"height: 24px\">\n<td style=\"width: 453px;text-align: left;height: 31px\"><strong>6 de diciembre<\/strong><\/td>\n<td style=\"width: 453px;text-align: left;height: 31px\">Festivo<\/td>\n<\/tr>\n<tr style=\"height: 24px\">\n<td style=\"background-color: #75c3ff;text-align: left;height: 24px;width: 453px\"><strong>20 de diciembre<\/strong><\/td>\n<td style=\"background-color: #75c3ff;text-align: left;height: 24px;width: 453px\">Final de clases<\/td>\n<\/tr>\n<tr style=\"height: 24px\">\n<td style=\"width: 453px;height: 24px;text-align: left\"><strong>23 de diciembre de 2019 a 7 de enero 2020<\/strong><\/td>\n<td style=\"width: 453px;height: 24px;text-align: left\">Vacaciones de Navidad<\/td>\n<\/tr>\n<tr style=\"height: 24px\">\n<td style=\"width: 453px;height: 24px;text-align: left\"><strong>8 al 21 de enero<\/strong><\/td>\n<td style=\"width: 453px;height: 24px;text-align: left\">Ex\u00e1menes finales \/ Segundas pruebas parciales de evaluaci\u00f3n cont\u00ednua<\/td>\n<\/tr>\n<tr style=\"height: 24px\">\n<td style=\"width: 453px;height: 24px;text-align: left\"><strong>27 al 31 de enero<\/strong><\/td>\n<td style=\"width: 453px;height: 24px;text-align: left\">Ex\u00e1menes de revaluaci\u00f3n<\/td>\n<\/tr>\n<\/tbody>\n<\/table>\n<\/div>\n<p>[\/vc_column_text][\/vc_column_inner][vc_column_inner width=\u00bb1\/2&#8243;][vc_column_text]<\/p>\n<h3 style=\"text-align: center\">Calendario Acad\u00e9mico del semestre de primavera 2020<\/h3>\n<p>[\/vc_column_text][vc_column_text]<\/p>\n<table style=\"height: 441px;width: 914px\" width=\"906\">\n<tbody>\n<tr style=\"height: 24px\">\n<td style=\"text-align: left;width: 228px;height: 24px\"><strong>\u00a05 al 7 de febrero<\/strong><\/td>\n<td style=\"width: 670px;height: 24px\">\u00a0Matr\u00edcula 2\u00ba semestre Matem\u00e1ticas<\/td>\n<\/tr>\n<tr style=\"height: 24px\">\n<td style=\"background-color: #75c3ff;text-align: left;width: 228px;height: 24px\"><strong>10 de febrero<\/strong><\/td>\n<td style=\"background-color: #75c3ff;text-align: left;width: 670px;height: 24px\">Inicio de las clases<\/td>\n<\/tr>\n<tr style=\"height: 24px\">\n<td style=\"width: 228px;text-align: left;height: 24px\"><strong>11 de febrero<\/strong><\/td>\n<td style=\"width: 670px;text-align: left;height: 24px\">Modificaci\u00f3n matr\u00edcula con derecho a devoluci\u00f3n &#8211; automatr\u00edcula<\/td>\n<\/tr>\n<tr style=\"height: 24px\">\n<td style=\"width: 228px;height: 24px;text-align: left\"><strong>12 al 18 de febrero<\/strong><\/td>\n<td style=\"width: 670px;height: 24px;text-align: left\">Modificaci\u00f3n matr\u00edcula con derecho a devoluci\u00f3n &#8211; ventanilla<\/td>\n<\/tr>\n<tr style=\"height: 24px\">\n<td style=\"width: 228px;text-align: left;height: 24px\"><strong>20 y 21 de febrero<\/strong><\/td>\n<td style=\"width: 670px;text-align: left;height: 24px\">Cambios de grupo justificados<\/td>\n<\/tr>\n<tr style=\"height: 24px\">\n<td style=\"width: 228px;height: 24px;text-align: left\"><strong>13 de marzo<\/strong><\/td>\n<td style=\"width: 670px;height: 24px;text-align: left\">Fecha l\u00edmite de acogimiento a la evaluaci\u00f3n \u00fanica<\/td>\n<\/tr>\n<tr style=\"height: 24px\">\n<td style=\"width: 228px;text-align: left;height: 24px\"><strong>30 de marzo al 3 de abril<\/strong><\/td>\n<td style=\"width: 670px;height: 24px\">Primeras pruebas parciales de evaluaci\u00f3n cont\u00ednua<\/td>\n<\/tr>\n<tr style=\"height: 24px\">\n<td style=\"width: 228px;height: 24px;text-align: left\"><strong>6 al 13 de abril<\/strong><\/td>\n<td style=\"width: 670px;height: 24px;text-align: left\">Vacaciones de Semana Santa<\/td>\n<\/tr>\n<tr style=\"height: 24px\">\n<td style=\"width: 228px;height: 24px;text-align: left\"><strong>23 de abril<\/strong><\/td>\n<td style=\"width: 670px;height: 24px;text-align: left\">No lectivo (Sant Jordi)<\/td>\n<\/tr>\n<tr style=\"height: 24px\">\n<td style=\"width: 228px;height: 24px;text-align: left\"><strong>29 de abril<\/strong><\/td>\n<td style=\"width: 670px;height: 24px;text-align: left\"><em>Fira d&#8217;Empreses<\/em><\/td>\n<\/tr>\n<tr style=\"height: 24px\">\n<td style=\"width: 228px;height: 24px;text-align: left\"><strong>1 de mayo<\/strong><\/td>\n<td style=\"width: 670px;height: 24px;text-align: left\">Festivo<\/td>\n<\/tr>\n<tr style=\"height: 24px\">\n<td style=\"width: 228px;height: 24px;text-align: left\"><strong>6 de mayo<\/strong><\/td>\n<td style=\"width: 670px;height: 24px;text-align: left\">Matefest-Infofest (No lectivo)<\/td>\n<\/tr>\n<tr style=\"height: 24px\">\n<td style=\"background-color: #75c3ff;text-align: left;width: 228px;height: 24px\"><strong>29 de mayo<\/strong><\/td>\n<td style=\"background-color: #75c3ff;text-align: left;width: 670px;height: 24px\">Final clases<\/td>\n<\/tr>\n<tr style=\"height: 24px\">\n<td style=\"width: 228px;height: 24px;text-align: left\"><strong>1 de junio<\/strong><\/td>\n<td style=\"width: 670px;height: 24px;text-align: left\">Festiu. Segunda Pascua<\/td>\n<\/tr>\n<tr style=\"height: 24px\">\n<td style=\"width: 228px;height: 24px;text-align: left\"><strong>8 al 19 de junio<\/strong><\/td>\n<td style=\"width: 670px;height: 24px;text-align: left\">Ex\u00e1menes finales \/ Segundas pruebas parciales de evaluaci\u00f3n cont\u00ednua<\/td>\n<\/tr>\n<tr style=\"height: 24px\">\n<td style=\"width: 228px;height: 24px;text-align: left\"><strong>24 de junio<\/strong><\/td>\n<td style=\"width: 670px;height: 24px;text-align: left\">Festivo. Sant Joan<\/td>\n<\/tr>\n<tr style=\"height: 24px\">\n<td style=\"width: 228px;height: 24px;text-align: left\"><strong>29 de junio al 3 de julio<\/strong><\/td>\n<td style=\"width: 670px;height: 24px;text-align: left\">Ex\u00e1menes de revaluaci\u00f3n<\/td>\n<\/tr>\n<\/tbody>\n<\/table>\n<p>[\/vc_column_text][\/vc_column_inner][\/vc_row_inner][\/vc_tta_section][vc_tta_section title=\u00bbCurso 2020\/2021&#8243; tab_id=\u00bbcalendari_20-21&#8243;][vc_row_inner][vc_column_inner width=\u00bb1\/2&#8243;][\/vc_column_inner][vc_column_inner width=\u00bb1\/2&#8243;][\/vc_column_inner][\/vc_row_inner][\/vc_tta_section][\/vc_tta_tabs][\/vc_column][\/vc_row]<\/p>\n<\/div>","protected":false},"excerpt":{"rendered":"<p>[vc_row disable_element=\u00bbyes\u00bb][vc_column][vc_column_text] Calendario acad\u00e9mico curso 2022 &#8211; 2023 (Aprovado por la Comisi\u00f3n Acad\u00e9mica de Facultad del 18\/02\/2022 y la Junta de Facultad de\u00a0 20\/06\/2022 ) [\/vc_column_text][vc_row_inner disable_element=\u00bbyes\u00bb][vc_column_inner width=\u00bb1\/2&#8243;][vc_column_text] Calendario Acad\u00e9mico del semestre de oto\u00f1o 2022 [\/vc_column_text][vc_column_text] 13 al 29 de julio Matr\u00edcula de grados de nuevo acceso 2 al 9 septiembre Matr\u00edcula de m\u00e0sters 5 [&hellip;]<\/p>\n","protected":false},"author":1,"featured_media":0,"parent":946,"menu_order":0,"comment_status":"closed","ping_status":"closed","template":"","meta":{"footnotes":""},"class_list":["post-1511","page","type-page","status-publish","hentry"],"_links":{"self":[{"href":"https:\/\/mat.ub.edu\/es\/wp-json\/wp\/v2\/pages\/1511","targetHints":{"allow":["GET"]}}],"collection":[{"href":"https:\/\/mat.ub.edu\/es\/wp-json\/wp\/v2\/pages"}],"about":[{"href":"https:\/\/mat.ub.edu\/es\/wp-json\/wp\/v2\/types\/page"}],"author":[{"embeddable":true,"href":"https:\/\/mat.ub.edu\/es\/wp-json\/wp\/v2\/users\/1"}],"replies":[{"embeddable":true,"href":"https:\/\/mat.ub.edu\/es\/wp-json\/wp\/v2\/comments?post=1511"}],"version-history":[{"count":98,"href":"https:\/\/mat.ub.edu\/es\/wp-json\/wp\/v2\/pages\/1511\/revisions"}],"predecessor-version":[{"id":3971,"href":"https:\/\/mat.ub.edu\/es\/wp-json\/wp\/v2\/pages\/1511\/revisions\/3971"}],"up":[{"embeddable":true,"href":"https:\/\/mat.ub.edu\/es\/wp-json\/wp\/v2\/pages\/946"}],"wp:attachment":[{"href":"https:\/\/mat.ub.edu\/es\/wp-json\/wp\/v2\/media?parent=1511"}],"curies":[{"name":"wp","href":"https:\/\/api.w.org\/{rel}","templated":true}]}}