{"id":53,"date":"2017-04-05T14:11:07","date_gmt":"2017-04-05T14:11:07","guid":{"rendered":"https:\/\/mat.ub.edu\/gradomatematicas\/?page_id=53"},"modified":"2018-03-12T10:55:06","modified_gmt":"2018-03-12T10:55:06","slug":"informacio-general","status":"publish","type":"page","link":"https:\/\/mat.ub.edu\/gradomatematicas\/treballs-final-de-grau\/informacio-general\/","title":{"rendered":"Informaci\u00f3n general"},"content":{"rendered":"<p style=\"text-align: justify;\" align=\"justify\">El Trabajo de fin de grado (TFG\u00a0en adelante) es una asignatura obligatoria de 18 cr\u00e9ditos en los nuevos grados que se imparten a la Facultad de Matem\u00e1ticas e Inform\u00e1tica de la Universitat de Barcelona.<\/p>\n<p style=\"text-align: justify;\" align=\"justify\">Aqu\u00ed encontrar\u00e9is resumida la normativa de funcionamiento y algunos aspectos singulares relativos a esta asignatura.<\/p>\n<ul style=\"text-align: justify;\">\n<li><a href=\"http:\/\/www.ub.edu\/grad\/plae\/AccesInformePD?curs=2016&amp;codiGiga=363031&amp;idioma=CAT&amp;recurs=publicacio\">Plan de estudios<\/a><\/li>\n<li><a href=\"https:\/\/mat.ub.edu\/secretaria\/normatives\/\">Normativa del TFG <span style=\"font-size: 75%;\">(catal\u00e0)<\/span><br \/>\n<\/a><\/li>\n<\/ul>\n<p style=\"text-align: justify;\">En este enlace pod\u00e9is consultar trabajos de cursos pasados:<\/p>\n<ul style=\"text-align: justify;\">\n<li><a href=\"http:\/\/diposit.ub.edu\/dspace\/handle\/2445\/31442\">TFGS anteriores<\/a><\/li>\n<\/ul>\n<p style=\"text-align: justify;\" align=\"justify\"><strong>Proceso de solicitud y asignaci\u00f3n de trabajos<\/strong><\/p>\n<ul style=\"text-align: justify;\">\n<li>Ve\u00e1is la informaci\u00f3n al apartado de <a href=\"https:\/\/mat.ub.edu\/gradomatematicas\/treballs-final-de-grau\/sollicitud\/\">Solicitud<\/a><\/li>\n<\/ul>\n<p style=\"text-align: justify;\" align=\"justify\"><strong>Coordinador de TFG<\/strong><\/p>\n<ul>\n<li style=\"text-align: justify;\">Xavier Guitart \u2013 xavier.guitart@ub.edu<\/li>\n<\/ul>\n<p align=\"justify\"><strong>Tutor<\/strong><\/p>\n<ul>\n<li style=\"text-align: justify;\">Puede ser tutor cualquier miembro del personal docente o investigador (PDI) adscrito a alguna de las facultades de la UB implicadas en la ense\u00f1anza.<\/li>\n<li style=\"text-align: justify;\">El tutor es el encargado de dirigir el\u00a0TFG\u00a0al alumno.<\/li>\n<li style=\"text-align: justify;\">Al finalizar la memoria, el tutor emitir\u00e1 un informe cualitativo de la tarea hecha por el alumno y en el informe tambi\u00e9n indicar\u00e1 una nota num\u00e9rica entre 0 y 10. Si el tutor considera que el trabajo es merecedor de una matr\u00edcula de honor, har\u00e1 falta que lo especifique de forma razonada en este informe.<\/li>\n<li style=\"text-align: justify;\">De acuerdo con el Plan Docente de la asignatura, esta nota constituir\u00e1 el 30% del total de la nota del\u00a0TFG.<\/li>\n<li style=\"text-align: justify;\">Este informe se tiene que hacer llegar a la Secretar\u00eda de la Facultad y se adjuntar\u00e1 a la documentaci\u00f3n que acompa\u00f1a el acta de defensa del trabajo.<\/li>\n<\/ul>\n<p align=\"justify\"><strong>La Memoria<\/strong><\/p>\n<ul>\n<li style=\"text-align: justify;\">El formato de la memoria ser\u00e1: medida del papel,\u00a0DIN\u00a0A4; portada, de acuerdo con el modelo que hay en el campus virtual de la asignatura; letra, de medida 11 o 12 puntos.<\/li>\n<li style=\"text-align: justify;\">El trabajo no tiene que exceder de las 50 p\u00e1ginas (en el formato especificado anteriormente). Sin embargo, puede haber casos en que, por razones espec\u00edficas de la tem\u00e1tica de la memoria (mesas, datos, gr\u00e1ficos, traducciones de trabajos de\u00a0altri, programas inform\u00e1ticos, etc.), esta pueda ser acompa\u00f1ada de uno o dos anexos.<\/li>\n<li style=\"text-align: justify;\">El dep\u00f3sito de la memoria se hace electr\u00f3nicamente en el Campus Virtual en los plazos establecidos en el calendario. La memoria se presentar\u00e1 en formato pdf, y el material adicional en formato conveniente.<\/li>\n<li style=\"text-align: justify;\">La memoria tiene que\u00a0recullir\u00a0un resumen en ingl\u00e9s (si la memoria no est\u00e1 redactada en este idioma)<\/li>\n<li style=\"text-align: justify;\">Hay que entregar la cesi\u00f3n de derechos de la memoria (encontrar\u00e9is el impreso correspondiente en el campus) a la secretar\u00eda de la Facultad.<\/li>\n<\/ul>\n<p align=\"justify\"><strong>La defensa<\/strong><\/p>\n<ul>\n<li style=\"text-align: justify;\">En el <a href=\"https:\/\/mat.ub.edu\/gradomatematicas\/treballs-final-de-grau\/calendari\/\">Calendario<\/a>\u00a0se establece el periodo de defensa del TFG.<\/li>\n<li style=\"text-align: justify;\">En la p\u00e1gina web de la Facultad se publicar\u00e1n los diferentes tribunales con el d\u00eda y el lugar de actuaci\u00f3n, as\u00ed como tambi\u00e9n la relaci\u00f3n de alumnos asignados a cada uno de ellos.<\/li>\n<li style=\"text-align: justify;\">La defensa oral tendr\u00e1 que ser p\u00fablica.<\/li>\n<li style=\"text-align: justify;\">La primera parte consistir\u00e1 en la exposici\u00f3n del\u00a0TFG\u00a0por parte del alumno, y se podr\u00e1 hacer en catal\u00e1n, en castellano o en ingl\u00e9s.<\/li>\n<li style=\"text-align: justify;\">La exposici\u00f3n durar\u00e1 entre 20 y 25 minutos. Desprendido de la exposici\u00f3n habr\u00e1 un turno de preguntas por parte de los miembros del Tribunal. La duraci\u00f3n total de la defensa ser\u00e1, como m\u00e1ximo, de 45 minutos.<\/li>\n<li style=\"text-align: justify;\">Al acabar el acto de defensa del\u00a0TFG, el presidente del tribunal comunicar\u00e1 la calificaci\u00f3n a los alumnos asignados a su tribunal.<\/li>\n<li style=\"text-align: justify;\">Una vez terminado el periodo de defensa de los\u00a0TFG, las calificaciones de todos los alumnos matriculados de\u00a0TFG\u00a0se publicar\u00e1n en el campus virtual.<\/li>\n<\/ul>\n<p align=\"justify\"><strong>Informaci\u00f3n sobre el TFG en el caso de dobles titulaciones<\/strong><\/p>\n<ul>\n<li style=\"text-align: justify;\">En el caso de dobles titulaciones siempre existe la opci\u00f3n de presentar dos trabajos de manera completamente independiente. Adem\u00e1s, hay algunas especificaciones que dependen de la doble titulaci\u00f3n en concreto.<\/li>\n<\/ul>\n<p align=\"justify\"><strong>TFG de la doble titulaci\u00f3n de Matem\u00e1tiques + F\u00edsica<\/strong><\/p>\n<ul>\n<li style=\"text-align: justify;\">Los alumnos de la doble titulaci\u00f3n tienen que hacer el\u00a0TFG\u00a0de matem\u00e1ticas y el\u00a0TFG\u00a0de f\u00edsica. Por lo tanto, los tendr\u00e1n que solicitar separadamente siguiendo los procesos propios para cada uno de ellos. Sin embargo, los dos trabajos pueden girar alrededor de un \u00fanico tema si contienen aspectos diferentes del mismo; tambi\u00e9n pueden tener el mismo tutor.<\/li>\n<li style=\"text-align: justify;\">Dadas las caracter\u00edsticas singulares de la doble titulaci\u00f3n, desde la Comisi\u00f3n de Trabajo de Fin de Grau recomendamos fuertemente que, en este caso,\u00a0pre-acord\u00e1is\u00a0el\u00a0TFG\u00a0con vuestros futuros tutores.<\/li>\n<\/ul>\n<p style=\"text-align: justify;\" align=\"justify\"><strong>Alumnos de la\u00a0doblte\u00a0titulaci\u00f3n Matem\u00e1ticas + Ingenier\u00eda Inform\u00e1tica<\/strong><\/p>\n<ul>\n<li style=\"text-align: justify;\">Los alumnos de esta doble\u00a0titulaci\u00f3n tienen que matricular el\u00a0TFG\u00a0de los dos grados (lo de matem\u00e1ticas y el de ingenier\u00eda inform\u00e1tica) y pueden optar para hacer un solo trabajo de una de las dos titulaciones. En caso de hacer uno (dentro de la oferta de trabajos de Ingenier\u00eda Inform\u00e1tica o de Matem\u00e1ticas), tendr\u00e1 que hacer una \u00fanica defensa del mismo. Si se hace un \u00fanico trabajo, la calificaci\u00f3n que obtendr\u00e1 el alumno ser\u00e1 la misma por los dos\u00a0TFG\u00a0matriculados.<\/li>\n<li style=\"text-align: justify;\">Dadas las caracter\u00edsticas singulares de la doble titulaci\u00f3n, desde la Comisi\u00f3n de Trabajo de Fin de Grau recomendamos fuertemente que, en este caso,\u00a0pre-acord\u00e1is\u00a0el\u00a0TFG\u00a0con vuestros futuros tutores.<\/li>\n<\/ul>\n<p><strong>Alumnos de la Doble titulaci\u00f3n Matem\u00e1ticas + ADE<\/strong><\/p>\n<ul>\n<li style=\"text-align: justify;\">Los alumnos de esta titulaci\u00f3n han de matricular el TFG en los dos grados. Si lo desean, pueden realizar un \u00fanico trabajo que tendr\u00e1 dos tutores (uno de cada titulaci\u00f3n), y una \u00fanica exposici\u00f3n que tendr\u00e1 lugar en la facultad de matem\u00e1ticas y con un tribunal formado por profesores de matem\u00e1ticas y de ADE.<\/li>\n<\/ul>\n","protected":false},"excerpt":{"rendered":"<p>El Trabajo de fin de grado (TFG\u00a0en adelante) es una asignatura obligatoria de 18 cr\u00e9ditos en los nuevos grados que se imparten a la Facultad de Matem\u00e1ticas e Inform\u00e1tica de la Universitat de Barcelona. Aqu\u00ed encontrar\u00e9is resumida la normativa de funcionamiento y algunos aspectos singulares relativos a esta asignatura. Plan de estudios Normativa del TFG [&hellip;]<\/p>\n","protected":false},"author":3,"featured_media":0,"parent":51,"menu_order":0,"comment_status":"closed","ping_status":"closed","template":"","meta":{"footnotes":""},"class_list":["post-53","page","type-page","status-publish","hentry"],"_links":{"self":[{"href":"https:\/\/mat.ub.edu\/gradomatematicas\/wp-json\/wp\/v2\/pages\/53","targetHints":{"allow":["GET"]}}],"collection":[{"href":"https:\/\/mat.ub.edu\/gradomatematicas\/wp-json\/wp\/v2\/pages"}],"about":[{"href":"https:\/\/mat.ub.edu\/gradomatematicas\/wp-json\/wp\/v2\/types\/page"}],"author":[{"embeddable":true,"href":"https:\/\/mat.ub.edu\/gradomatematicas\/wp-json\/wp\/v2\/users\/3"}],"replies":[{"embeddable":true,"href":"https:\/\/mat.ub.edu\/gradomatematicas\/wp-json\/wp\/v2\/comments?post=53"}],"version-history":[{"count":8,"href":"https:\/\/mat.ub.edu\/gradomatematicas\/wp-json\/wp\/v2\/pages\/53\/revisions"}],"predecessor-version":[{"id":165,"href":"https:\/\/mat.ub.edu\/gradomatematicas\/wp-json\/wp\/v2\/pages\/53\/revisions\/165"}],"up":[{"embeddable":true,"href":"https:\/\/mat.ub.edu\/gradomatematicas\/wp-json\/wp\/v2\/pages\/51"}],"wp:attachment":[{"href":"https:\/\/mat.ub.edu\/gradomatematicas\/wp-json\/wp\/v2\/media?parent=53"}],"curies":[{"name":"wp","href":"https:\/\/api.w.org\/{rel}","templated":true}]}}